{"id":3849,"date":"2017-09-09T16:46:15","date_gmt":"2017-09-09T14:46:15","guid":{"rendered":"https:\/\/viv.tirol\/skiv\/?page_id=3849"},"modified":"2017-09-09T16:53:33","modified_gmt":"2017-09-09T14:53:33","slug":"leitmotive","status":"publish","type":"page","link":"https:\/\/viv.tirol\/skiv\/schuetzen\/leitmotive\/","title":{"rendered":"Leitmotive"},"content":{"rendered":"<p>[av_textblock size=&#8220; font_color=&#8220; color=&#8220;]<\/p>\n<h2><strong>Die elf Leitmotive\u00a0der Tiroler Sch\u00fctzen<\/strong><\/h2>\n<p>Das Grundsatzdokument mit diesen elf Leitmotiven wurde bei\u00a0der Bundesversammlung des Bundes der Tiroler Sch\u00fctzenkompanien im Rahmen einer au\u00dferordentlichen Sitzung am Samstag, 9. September 2017 vorgestellt und verabschiedet.<\/p>\n<p><strong>1. Aktives und soziales Engagement in und mit den Kirchen<\/strong><\/p>\n<p>Wir bekennen uns zum christlichen Glauben. Durch eine aktive und vorbildhafte Teilnahme an kirchlichen Festen und Anl\u00e4ssen bekr\u00e4ftigen wir Tiroler Sch\u00fctzen unser Eintreten f\u00fcr das religi\u00f6se Bekenntnis. In diesem Glauben gedenken wir auch der Opfer der kriegerischen Auseinandersetzungen in der Tiroler Geschichte. Im sozialen Wirken best\u00e4rken wir Tiroler Sch\u00fctzen durch vielf\u00e4ltige T\u00e4tigkeiten unsere Treue zum Glauben. Wir unterst\u00fctzen unsere Pfarreien in ihren Aufgaben sowie Herausforderungen und f\u00f6rdern die Zusammenarbeit mit den Pfarrgemeinden.<\/p>\n<p><strong>2. Konsequente Arbeit in Gesellschaft und Gemeinschaft<\/strong><\/p>\n<p>Wir bekennen uns zur wertvollen Geschichte unseres Landes. Verantwortungsbewusst setzen wir uns auch mit den Schattenseiten unserer Geschichte auseinander. Dies gilt insbesondere f\u00fcr die Zeit des Nationalsozialismus. Diese Jahre waren auch bei uns Sch\u00fctzen vielfach gepr\u00e4gt von Willf\u00e4hrigkeit gegen\u00fcber den Machthabern, der Duldung intoleranter Geisteshaltung, von Missbrauch der Tradition sowie von Ausgrenzung von Verfolgung. Aus dem Verantwortungsbewusstsein f\u00fcr unser Land und die Bev\u00f6lkerung entwickeln wir zukunftsf\u00e4hige Strategien f\u00fcr unsere Arbeit in Gesellschaft und Gemeinschaft. Wir bringen uns aktiv in das Leben der Stadt- und Dorfgemeinschaften ein und f\u00f6rdern soziale und gemeinn\u00fctzige Projekte. Wir engagieren uns &#8211; basierend auf unseren Grunds\u00e4tzen und Werten- in wesentlichen Bereichen der Gesellschaft und realisieren au\u00dferdem initiative Projekte im Kultur-, Sozial- und Umweltbereich.<\/p>\n<p><strong>3. Gelebte Grunds\u00e4tze auch durch strukturierte Bildungsarbeit<\/strong><\/p>\n<p>Unsere Grunds\u00e4tze &#8222;die Treue zu Gott und dem Erbe der Vorfahren, der Schutz von Heimat und Vaterland, die gr\u00f6\u00dftm\u00f6gliche Einheit des ganzen Landes, die Freiheit und W\u00fcrde des Menschen, die Pflege des Tiroler Sch\u00fctzenbrauches&#8220; sind essentielle Bestandteile des Tiroler Sch\u00fctzenwesens und Grundlage unseres Denkens und Handelns. Diese Grunds\u00e4tze interpretieren wir zeitgem\u00e4\u00df und betrachten dies als Bildungsauftrag f\u00fcr die Zukunft. Eine strukturierte Bildungsarbeit in den Kompanien und Bataillonen sehen wir als permanenten Auftrag. Daher ist die Bildungsarbeit zu intensivieren und auszubauen.<\/p>\n<p><strong>4. Tiroler Identit\u00e4t und Landeseinheit: Unsere Treue zur Heimat<\/strong><\/p>\n<p>Wir stehen zum historischen Tirol als unserer Heimat und verstehen diese als geographisch und geschichtliche definierten Raum. Wir bekennen uns zur Tiroler Identit\u00e4t, die auf die historischen Freiheiten des Landes zur\u00fcckgeht. Wir pflegen die gr\u00f6\u00dftm\u00f6gliche Einheit unseres Landes durch gelebte Freundschaften, Partnerschaften und Kooperationen. Die verst\u00e4rkte und verschr\u00e4nkte Zusammenarbeit innerhalb der Verbandsstruktur, besonders innerhalb der Landesteile des historischen Tirol, schafft Identit\u00e4t f\u00fcr den gemeinsamen Kultur-, Wirtschafts- und Lebensraum. Die Tiroler Sch\u00fctzen verstehen sich als positive Kraft dieses Landes und sehen in ihrer historischen Aufgabe der Landesverteidigung heute die Verteidigung und F\u00f6rderung der Tiroler Identit\u00e4t.<\/p>\n<p><strong>5. Tracht und Brauchtum als Ausdruck der Landesidentit\u00e4t<\/strong><\/p>\n<p>Tracht und Brauchtum verbinden und schaffen Zusammenhalt in den Regionen. Wir sehen in der Tracht die historische und traditionelle Kleidung der Tiroler Landesidentit\u00e4t. In der Tracht wiederspielgen sich die Regionen und Talschaften. Somit st\u00e4rkt die Tracht unser Heimatbewusstsein, unsere Wurzeln und gesellschaftliche Bedeutung. Wir sehen das Tiroler Sch\u00fctzenwesen und die damit verbundenen Br\u00e4uche als Ausdruck von Herkunft, Tradition und Kultur unseres Landes. Wir tragen unsere historischen Waffen als \u00e4u\u00dferes Zeichen der Freiheit und bewahren den Sch\u00fctzenbrauch auch durch die Pflege des Schie\u00dfsports. Wir stehen daf\u00fcr ein, dass Traditionen und Brauchtum in Tirol mit Sorgfalt, behutsam und gewissenhaften Engagement gepflegt und bewahrt werden.<\/p>\n<p><strong>6. Wertsch\u00e4tzung der Frauen im Tiroler Sch\u00fctzenwesen<\/strong><\/p>\n<p>Frauen sind kompetente und wertgesch\u00e4tzte Mitgestalterinnen im Tiroler Sch\u00fctzenwesen. Sie bewahren durch ihre Mitgliedschaft, Teilnahme und Mitarbeit die Tiroler Tradition und pflegen unser Brauchtum. Frauen sind in ihren jeweiligen Vereinsfunktionen wesentliche Tr\u00e4gerinnen des Tiroler Sch\u00fctzenwesens und gestalten dieses in aktiven, inaktiven und au\u00dferordentlichen Mitgliedschaften gleichberechtigt mit. Wir wollen die Zukunft im Bund der Tiroler Sch\u00fctzenkompanien gemeinsam mit Frauen und M\u00e4nnern gestalten.<\/p>\n<p><strong>7. Verantwortungsbewusste Jugendarbeit<\/strong><\/p>\n<p>Die verantwortungsbewusste Jugendarbeit im Tiroler Sch\u00fctzenwesen ist getragen von hoher und gegenseitiger Wertsch\u00e4tzung. Als Grundlage daf\u00fcr sehen wir eine offene Kommunikation mit Eltern, innerhalb der Kompanie sowie anderen Organisationseinheiten, Vereinen oder Verb\u00e4nden. Es ist unser erkl\u00e4rtes Ziel, den Kindern und der heranwachsenden Jugend Unterst\u00fczung zu bieten, sie zu begleiten, Orientierung zu geben und ihre Entwicklung zu f\u00f6rdern. Dabei steht das Kindeswohl stets im Mittelpunkt. Jungmarketenderinnen und Jungsch\u00fctzen reifen mit zunehmendem Alter zu vollwertigen Mitgliedern in den Kompanien heran. Dem entsprechend sind sie verantwortungsvoll und verantwortlich in die Vereinsarbeit einzubinden.<\/p>\n<p><strong>8. Zeitgem\u00e4\u00dfe Strukturen und Entwicklung der Organisation<\/strong><\/p>\n<p>Die demokratische Legimitierung der Funktionstr\u00e4ger z\u00e4hlt zu den Grunds\u00e4tzen im Tiroler Sch\u00fctzenwesen. Wir setzen uns daf\u00fcr ein, die Organisation und Struktur innerhalb des Verbandes zeitgem\u00e4\u00df auszugestalten und Paralellstrukturen abzubauen &#8211; auch um schnellere Entscheidungsprozesse bewirken zu k\u00f6nnen. Durch klare und einheitliche Strukturen wird eine bessere, breiter aufgestellte Verteilung der Aufgaben gew\u00e4hrleistet. Auf diese Weise werden unsere Hauptfunktionstr\u00e4ger entlastet. Die Integration insbesondere j\u00fcngerer Mitglieder, sowohl von Frauen und M\u00e4nnern, in die verschiedenen Funktionen der Organisation soll das Verantwortungsbewusstsein der Tr\u00e4gerInnen des Sch\u00fctzenswesens f\u00fcr die Weiterentwicklung des Tiroler Sch\u00fctzenwesens f\u00f6rdern.<\/p>\n<p><strong>9. Festkultur als F\u00f6rderer der Gemeinschaft<\/strong><\/p>\n<p>Unsere Sch\u00fctzenfeste sind wesentlicher Bestandteil unserer Volkskultur und unseres gelebten Brauchtums in Tirol. Die Sch\u00fctzenfeste sehen wir als wichtiges Zusammentreffen von Gleichgesinnten innerhalb unseres Verbandes an. Au\u00dferdem \u00f6ffnen wir uns einer breiten Bev\u00f6lkerung, die aktiv eingebunden wird. In der Ausgestaltung des Programmes von Sch\u00fctzenfesten wird besonders Augenmerk auf unsere Werte als Tiroler Sch\u00fctzen gelegt, die entsprechend darzustellen und kommunizieren sind. Um die Interaktion zu f\u00f6rdern und die Sch\u00fctzengemeinschaft zu st\u00e4rken, setzen wir uns daf\u00fcr ein, dass orts\u00fcbergreifende und regionsverbindende Sch\u00fctzenfeste ein Mal j\u00e4hrlich grunds\u00e4tzlich an Sonntagen stattfinden.<\/p>\n<p><strong>10. Exerzieren: Exaktheit, Einheitlichkeit und Sicherheit<\/strong><\/p>\n<p>Die geschichtlichen Wurzeln der Tiroler Sch\u00fctzen stehen im Zusammenhang mit dem fr\u00fcheren System der Landesverteidigung. Das Tiroler Sch\u00fctzwesen ist deshalb milit\u00e4risch organisiert. In der milit\u00e4rischen Organisation jeder Kompanie setzen wir ein einheitliches und exaktes Auftreten um. Dabei wird die Einheitlichkeit der Exerziervorschriften des Bundes der Tiroler Sch\u00fctzenkompanien gef\u00f6rdert. Dabei ist uns bewusst, dass regionale Auspr\u00e4gungen die Vielschichtigkeit unseres Sch\u00fctzenwesens zeigen. Wir motivieren unsere Marketenderinnen und Sch\u00fctzenkameraden zum verl\u00e4sslichen Ausr\u00fccken &#8211; auf Kompanieebene, aber auch au\u00dferhalb der Gemeinde- und Bataillonsgrenzen. Durch verantwortungsvolle Schulungen und Ma\u00dfnahmen &#8211; insbesondere im Umgang mit den Waffen &#8211; steht die Sicherheit unserer Mitglieder an oberster Stelle.<\/p>\n<p><strong>11. Kommunikation: &#8222;Tue Gutes und sprich dar\u00fcber!&#8220;<\/strong><\/p>\n<p>Die Kommunikation nach Innen und nach Au\u00dfen sehen wir als wesentliches Element im Austausch und in der Vernetzung der Mitglieder, der \u00d6ffnung und Transparenz gegen\u00fcber der Bev\u00f6lkerung, aber auch der Kenntnis und dem Verst\u00e4ndnis von sch\u00fctzenrelevanten Themen an. Wir setzen uns daf\u00fcr ein, offen und breit zu kommunizieren und dabei weitestgehend alle Kommunikationswege intern wie extern zu nutzen. Dabei gilt das Motto: &#8222;Tue Gutes und sprich dar\u00fcber!&#8220; Durch eine durchg\u00e4ngige Weitergabe von Informationen \u00fcber Vorhaben, Aufgaben und Aktivit\u00e4ten innerhalb der Verbandsstrukturen st\u00e4rken wir das Bewusstsein unserer Mitglieder.<\/p>\n<p>Autor:\u00a0<strong>Bundespressereferent Major Thomas Saurer<\/strong><\/p>\n<p>siehe auch Artikel <a href=\"http:\/\/www.tiroler-schuetzen.at\/php\/nachdenken_ueber_uns_schafft_elf_leitmotive_fuer_die_zukunft,427,30162.html\" target=\"_blank\">&#8222;Nachdenken \u00fcber uns&#8220; schafft elf Leitmotive f\u00fcr die Zukunft<\/a>\u00a0auf der Seite des Bundes der Tiroler Sch\u00fctzenkompanien.<br \/>\n[\/av_textblock]<\/p>\n","protected":false},"excerpt":{"rendered":"<p>[av_textblock size=&#8220; font_color=&#8220; color=&#8220;] Die elf Leitmotive\u00a0der Tiroler Sch\u00fctzen Das Grundsatzdokument mit diesen elf Leitmotiven wurde bei\u00a0der Bundesversammlung des Bundes der Tiroler Sch\u00fctzenkompanien im Rahmen einer au\u00dferordentlichen Sitzung am Samstag, 9. September 2017 vorgestellt und verabschiedet. 1. Aktives und soziales Engagement in und mit den Kirchen Wir bekennen uns zum christlichen Glauben. Durch eine aktive&hellip;&nbsp;<a href=\"https:\/\/viv.tirol\/skiv\/schuetzen\/leitmotive\/\" rel=\"bookmark\">Mehr lesen &raquo;<span class=\"screen-reader-text\">Leitmotive<\/span><\/a><\/p>\n","protected":false},"author":30,"featured_media":0,"parent":3318,"menu_order":0,"comment_status":"closed","ping_status":"closed","template":"","meta":{"_acf_changed":false,"neve_meta_sidebar":"","neve_meta_container":"","neve_meta_enable_content_width":"","neve_meta_content_width":0,"neve_meta_title_alignment":"","neve_meta_author_avatar":"","neve_post_elements_order":"","neve_meta_disable_header":"","neve_meta_disable_footer":"","neve_meta_disable_title":"","neve_meta_reading_time":"","_themeisle_gutenberg_block_has_review":false,"footnotes":""},"class_list":["post-3849","page","type-page","status-publish","hentry"],"acf":[],"_links":{"self":[{"href":"https:\/\/viv.tirol\/skiv\/wp-json\/wp\/v2\/pages\/3849","targetHints":{"allow":["GET"]}}],"collection":[{"href":"https:\/\/viv.tirol\/skiv\/wp-json\/wp\/v2\/pages"}],"about":[{"href":"https:\/\/viv.tirol\/skiv\/wp-json\/wp\/v2\/types\/page"}],"author":[{"embeddable":true,"href":"https:\/\/viv.tirol\/skiv\/wp-json\/wp\/v2\/users\/30"}],"replies":[{"embeddable":true,"href":"https:\/\/viv.tirol\/skiv\/wp-json\/wp\/v2\/comments?post=3849"}],"version-history":[{"count":0,"href":"https:\/\/viv.tirol\/skiv\/wp-json\/wp\/v2\/pages\/3849\/revisions"}],"up":[{"embeddable":true,"href":"https:\/\/viv.tirol\/skiv\/wp-json\/wp\/v2\/pages\/3318"}],"wp:attachment":[{"href":"https:\/\/viv.tirol\/skiv\/wp-json\/wp\/v2\/media?parent=3849"}],"curies":[{"name":"wp","href":"https:\/\/api.w.org\/{rel}","templated":true}]}}