{"id":3561,"date":"2016-03-23T19:14:01","date_gmt":"2016-03-23T18:14:01","guid":{"rendered":"https:\/\/viv.tirol\/skiv\/?page_id=3561"},"modified":"2016-03-24T09:36:26","modified_gmt":"2016-03-24T08:36:26","slug":"unternehmungen-2010","status":"publish","type":"page","link":"https:\/\/viv.tirol\/skiv\/jungschuetzen\/unternehmungen\/unternehmungen-2010\/","title":{"rendered":"Unternehmungen 2010"},"content":{"rendered":"<p>[av_three_fifth first min_height=&#8220; vertical_alignment=&#8220; space=&#8220; custom_margin=&#8220; margin=&#8217;0px&#8216; padding=&#8217;0px&#8216; border=&#8220; border_color=&#8220; radius=&#8217;0px&#8216; background_color=&#8220; src=&#8220; background_position=&#8217;top left&#8216; background_repeat=&#8217;no-repeat&#8216; animation=&#8220;]<br \/>\n[av_gallery ids=&#8217;3636,3637,3638,3639,3640,3641,3642,3643,3644,3645,3646,3647,3648,3649&#8242; style=&#8217;big_thumb&#8216; preview_size=&#8217;portfolio&#8216; crop_big_preview_thumbnail=&#8217;avia-gallery-big-crop-thumb&#8216; thumb_size=&#8217;portfolio_small&#8216; columns=&#8217;3&#8242; imagelink=&#8217;lightbox&#8216; lazyload=&#8217;avia_lazyload&#8216;]<br \/>\n[\/av_three_fifth]<\/p>\n<p>[av_two_fifth min_height=&#8220; vertical_alignment=&#8220; space=&#8220; custom_margin=&#8220; margin=&#8217;0px&#8216; padding=&#8217;0px&#8216; border=&#8220; border_color=&#8220; radius=&#8217;0px&#8216; background_color=&#8220; src=&#8220; background_position=&#8217;top left&#8216; background_repeat=&#8217;no-repeat&#8216; animation=&#8220;]<br \/>\n[av_textblock size=&#8220; font_color=&#8220; color=&#8220;]<\/p>\n<h3>Bataillon-Jungsch\u00fctzenk\u00f6nigskettenschie\u00dfen<\/h3>\n<p><strong>23.01.2010<\/strong><br \/>\nDas Bataillon-Jungsch\u00fctzenk\u00f6nigskettenschie\u00dfen und das Jungsch\u00fctzen-Schi- und Snowboardrennen wurden heuer in Igls ausgetragen.<\/p>\n<p>Das K\u00f6nigskettenschie\u00dfen wurde am 23.01.2010 in Zusammenarbeit mit der Sch\u00fctzengilde Igls\/Vill organisiert und abgewickelt. Unser besonderer Dank gilt Herrn Franz Wachter und Herrn Walter Suppersberger die, die Veranstaltung z\u00fcgig und perfekt abgewickelt haben.<\/p>\n<p>Am 30.01.2010 trafen sich die sportbegeisterten Jungmarketenderinnen und Jungsch\u00fctzen des Bataillons beim Olympia Express, um ihren Meister auf Schiern zu ermitteln. Es war f\u00fcr unsere Kompanie ein sehr erfolgreicher Schitag. Neben ganz tollen Einzelleistungen (siehe Ergebnislisten) konnten unsere Kinder mit ihren Leistungen den Wanderpokal wieder nach Igls\/Vill holen und Thomas Zimak konnte die Tagesbestzeit aufstellen.<\/p>\n<p>F\u00fcr unsere Stefanie Kalous und unseren Thomas Zimak waren dies die letzten Jungsch\u00fctzenveranstaltungen an denen sie teilnehmen konnten. Stefanie und Thomas werden in Zukunft zusammen mit den Altsch\u00fctzen ausr\u00fccken.<\/p>\n<p>Die Preisverteilung wurde von der Bataillon-Jungsch\u00fctzenbetreuerin Maria-Luise Feichtner und dem Bataillonskommandanten Mjr. Helmuth Paolazzi vorgenommen. Mit W\u00fcrstel und Limo klang die aufregende Preisverteilung aus.<br \/>\n[\/av_textblock]<br \/>\n[\/av_two_fifth]<\/p>\n","protected":false},"excerpt":{"rendered":"<p>[av_three_fifth first min_height=&#8220; vertical_alignment=&#8220; space=&#8220; custom_margin=&#8220; margin=&#8217;0px&#8216; padding=&#8217;0px&#8216; border=&#8220; border_color=&#8220; radius=&#8217;0px&#8216; background_color=&#8220; src=&#8220; background_position=&#8217;top left&#8216; background_repeat=&#8217;no-repeat&#8216; animation=&#8220;] [av_gallery ids=&#8217;3636,3637,3638,3639,3640,3641,3642,3643,3644,3645,3646,3647,3648,3649&#8242; style=&#8217;big_thumb&#8216; preview_size=&#8217;portfolio&#8216; crop_big_preview_thumbnail=&#8217;avia-gallery-big-crop-thumb&#8216; thumb_size=&#8217;portfolio_small&#8216; columns=&#8217;3&#8242; imagelink=&#8217;lightbox&#8216; lazyload=&#8217;avia_lazyload&#8216;] [\/av_three_fifth] [av_two_fifth min_height=&#8220; vertical_alignment=&#8220; space=&#8220; custom_margin=&#8220; margin=&#8217;0px&#8216; padding=&#8217;0px&#8216; border=&#8220; border_color=&#8220; radius=&#8217;0px&#8216; background_color=&#8220; src=&#8220; background_position=&#8217;top left&#8216; background_repeat=&#8217;no-repeat&#8216; animation=&#8220;] [av_textblock size=&#8220; font_color=&#8220; color=&#8220;] Bataillon-Jungsch\u00fctzenk\u00f6nigskettenschie\u00dfen 23.01.2010 Das Bataillon-Jungsch\u00fctzenk\u00f6nigskettenschie\u00dfen und das Jungsch\u00fctzen-Schi- und&hellip;&nbsp;<a href=\"https:\/\/viv.tirol\/skiv\/jungschuetzen\/unternehmungen\/unternehmungen-2010\/\" rel=\"bookmark\">Mehr lesen &raquo;<span class=\"screen-reader-text\">Unternehmungen 2010<\/span><\/a><\/p>\n","protected":false},"author":29,"featured_media":0,"parent":3350,"menu_order":0,"comment_status":"closed","ping_status":"closed","template":"","meta":{"_acf_changed":false,"neve_meta_sidebar":"","neve_meta_container":"","neve_meta_enable_content_width":"","neve_meta_content_width":0,"neve_meta_title_alignment":"","neve_meta_author_avatar":"","neve_post_elements_order":"","neve_meta_disable_header":"","neve_meta_disable_footer":"","neve_meta_disable_title":"","neve_meta_reading_time":"","_themeisle_gutenberg_block_has_review":false,"footnotes":""},"class_list":["post-3561","page","type-page","status-publish","hentry"],"acf":[],"_links":{"self":[{"href":"https:\/\/viv.tirol\/skiv\/wp-json\/wp\/v2\/pages\/3561","targetHints":{"allow":["GET"]}}],"collection":[{"href":"https:\/\/viv.tirol\/skiv\/wp-json\/wp\/v2\/pages"}],"about":[{"href":"https:\/\/viv.tirol\/skiv\/wp-json\/wp\/v2\/types\/page"}],"author":[{"embeddable":true,"href":"https:\/\/viv.tirol\/skiv\/wp-json\/wp\/v2\/users\/29"}],"replies":[{"embeddable":true,"href":"https:\/\/viv.tirol\/skiv\/wp-json\/wp\/v2\/comments?post=3561"}],"version-history":[{"count":0,"href":"https:\/\/viv.tirol\/skiv\/wp-json\/wp\/v2\/pages\/3561\/revisions"}],"up":[{"embeddable":true,"href":"https:\/\/viv.tirol\/skiv\/wp-json\/wp\/v2\/pages\/3350"}],"wp:attachment":[{"href":"https:\/\/viv.tirol\/skiv\/wp-json\/wp\/v2\/media?parent=3561"}],"curies":[{"name":"wp","href":"https:\/\/api.w.org\/{rel}","templated":true}]}}