{"id":3367,"date":"2016-03-22T18:57:19","date_gmt":"2016-03-22T17:57:19","guid":{"rendered":"https:\/\/viv.tirol\/skiv\/?page_id=3367"},"modified":"2016-03-24T10:05:26","modified_gmt":"2016-03-24T09:05:26","slug":"vill","status":"publish","type":"page","link":"https:\/\/viv.tirol\/skiv\/heimat\/vill\/","title":{"rendered":"Vill"},"content":{"rendered":"<h2>Vill<\/h2>\n<p>Vill ist ein Stadtteil (Katastralgemeinde) Innsbrucks. 1942 wurde er nach Innsbruck eingemeindet.<\/p>\n<p>Der Ort liegt am Abhang einer Mittelgebirgsterrasse s\u00fcdlich vom Innsbrucker Zentrum, auf 817 m H\u00f6he. In Vill flie\u00dft der Viller Bach mit dem aus Igls kommenden 5 km langen Ramsbach zusammen. 1,5 km n\u00f6rdlich von Vill liegt der bekannte Wintersportort Igls, welcher ebenfalls ein Stadtteil von Innsbruck ist.<\/p>\n<p>Der Name hat eine romanische Sprachwurzel. 1251 wurde die &#8222;villa Ville&#8220; erstmals in einer Urkunde genannt. Daraus leitete sich der heutige Name des Dorfes ab. Die Pfarrkirche von St. Martin ist seit 1397 durch eine Stiftungsurkunde nachweisbar . Sie zeigt noch den gotischen Stil ihrer Errichtung, wurde aber 1790 im Rokokostil umgestaltet.<br \/>\nGeschichte Vill<\/p>\n<p>Erste Funde in Vill gehen in die fr\u00fche La T\u00e8ne zur\u00fcck. Diese Ansiedlung am Seebichl hatte bis 400 nach Christus bestand, was Funde aus der eben angesprochenen La T\u00e8ne Zeit, Hallstattzeit und fr\u00fchen R\u00f6mischen Besiedelung belegen. Aus der Merowinger Zeit finden sich weitere einzelne Funde in diesem Gebiet, reichere Gr\u00e4berfunde datieren im 9. Jahrhundert nach Christus. Um 1220 wurde Vill das erste Mal urkundlich erw\u00e4hnt. Da die ehemalige R\u00f6merstrasse \u00fcber den Brenner nicht durch Vill verlief, welche im Mittelalter und der Neuzeit \u00fcbernommen wurde, blieb Vill ein b\u00e4uerlich dominiertes Dorf. Im 13. Jahrhundert wurde von den Grafen von Tirol die Burg Stra\u00dffried errichtet, welche die Strasse zwischen Patsch, Igls Vill und Innsbruck bewachen sollte. Besetzt wurde die Festung durch Amtsleute des Grafen, die Familie Helbling, die sich ab dieser Zeit \u201evon Strazzfried&#8220; nannten, 1263 scheint dieses Geschlecht erstmals in einer Urkunde auf. Durch das Aussterben des Geschlechtes um 1450 begann auch der Verfall der Anlage, die im 17. Jahrhundert nur mehr eine Ruine darstellte.<\/p>\n<figure id=\"attachment_3669\" aria-describedby=\"caption-attachment-3669\" style=\"width: 300px\" class=\"wp-caption aligncenter\"><img loading=\"lazy\" decoding=\"async\" class=\"size-full wp-image-3669\" src=\"https:\/\/viv.tirol\/skiv\/wp-content\/uploads\/sites\/12\/2016\/03\/Vill_Ausgrabung.jpg\" alt=\"Ausgrabung aus der La T\u00e8ne Zeit\" width=\"300\" height=\"400\" srcset=\"https:\/\/viv.tirol\/skiv\/wp-content\/uploads\/sites\/12\/2016\/03\/Vill_Ausgrabung.jpg 300w, https:\/\/viv.tirol\/skiv\/wp-content\/uploads\/sites\/12\/2016\/03\/Vill_Ausgrabung-225x300.jpg 225w\" sizes=\"auto, (max-width: 300px) 100vw, 300px\" \/><figcaption id=\"caption-attachment-3669\" class=\"wp-caption-text\">Ausgrabung aus der La T\u00e8ne Zeit<\/figcaption><\/figure>\n<p>1313 wird Vill erstmals als eine Flur und Steuergemeinde des Gerichtes Sonnenburg genannt.<\/p>\n<p>Das Viller Moor, welches einst ein See war, wurde im Jahre 1328 vom Tiroler Landesf\u00fcrsten als Bezahlung f\u00fcr die Ausrichtung der Hochzeitsfeier dem Stift Wilten \u00fcbertragen. 1808 unter bayrischer Herrschaft wurde der See von der bayrischen Regierung an die Gemeinde Vill verkauft, die ihn trocken legte und so f\u00fcr die Landwirtschaft nutzbar machte.<\/p>\n<p>1942 kam Vill wie auch Igls zur Stadt Innsbruck, konnte jedoch im Gegensatz zu seinem s\u00fcdlichen Nachbarn seinen b\u00e4uerlichen Charakter bewahren.<br \/>\nQuelle: geschichte-tirol.com, Autor: Mag. Michael Fritz<\/p>\n","protected":false},"excerpt":{"rendered":"<p>Vill Vill ist ein Stadtteil (Katastralgemeinde) Innsbrucks. 1942 wurde er nach Innsbruck eingemeindet. Der Ort liegt am Abhang einer Mittelgebirgsterrasse s\u00fcdlich vom Innsbrucker Zentrum, auf 817 m H\u00f6he. In Vill flie\u00dft der Viller Bach mit dem aus Igls kommenden 5 km langen Ramsbach zusammen. 1,5 km n\u00f6rdlich von Vill liegt der bekannte Wintersportort Igls, welcher&hellip;&nbsp;<a href=\"https:\/\/viv.tirol\/skiv\/heimat\/vill\/\" rel=\"bookmark\">Mehr lesen &raquo;<span class=\"screen-reader-text\">Vill<\/span><\/a><\/p>\n","protected":false},"author":29,"featured_media":0,"parent":3362,"menu_order":0,"comment_status":"closed","ping_status":"closed","template":"","meta":{"_acf_changed":false,"neve_meta_sidebar":"","neve_meta_container":"","neve_meta_enable_content_width":"","neve_meta_content_width":0,"neve_meta_title_alignment":"","neve_meta_author_avatar":"","neve_post_elements_order":"","neve_meta_disable_header":"","neve_meta_disable_footer":"","neve_meta_disable_title":"","neve_meta_reading_time":"","_themeisle_gutenberg_block_has_review":false,"footnotes":""},"class_list":["post-3367","page","type-page","status-publish","hentry"],"acf":[],"_links":{"self":[{"href":"https:\/\/viv.tirol\/skiv\/wp-json\/wp\/v2\/pages\/3367","targetHints":{"allow":["GET"]}}],"collection":[{"href":"https:\/\/viv.tirol\/skiv\/wp-json\/wp\/v2\/pages"}],"about":[{"href":"https:\/\/viv.tirol\/skiv\/wp-json\/wp\/v2\/types\/page"}],"author":[{"embeddable":true,"href":"https:\/\/viv.tirol\/skiv\/wp-json\/wp\/v2\/users\/29"}],"replies":[{"embeddable":true,"href":"https:\/\/viv.tirol\/skiv\/wp-json\/wp\/v2\/comments?post=3367"}],"version-history":[{"count":0,"href":"https:\/\/viv.tirol\/skiv\/wp-json\/wp\/v2\/pages\/3367\/revisions"}],"up":[{"embeddable":true,"href":"https:\/\/viv.tirol\/skiv\/wp-json\/wp\/v2\/pages\/3362"}],"wp:attachment":[{"href":"https:\/\/viv.tirol\/skiv\/wp-json\/wp\/v2\/media?parent=3367"}],"curies":[{"name":"wp","href":"https:\/\/api.w.org\/{rel}","templated":true}]}}