{"id":3360,"date":"2016-03-22T18:56:12","date_gmt":"2016-03-22T17:56:12","guid":{"rendered":"https:\/\/viv.tirol\/skiv\/?page_id=3360"},"modified":"2016-06-29T17:17:52","modified_gmt":"2016-06-29T15:17:52","slug":"lieder","status":"publish","type":"page","link":"https:\/\/viv.tirol\/skiv\/extras\/lieder\/","title":{"rendered":"Lieder"},"content":{"rendered":"<p>[av_textblock size=&#8220; font_color=&#8220; color=&#8220;]<\/p>\n<h3>Hymnen<\/h3>\n<p>[\/av_textblock]<\/p>\n<p>[av_toggle_container initial=&#8217;0&#8242; mode=&#8217;accordion&#8216; sort=&#8220;]<br \/>\n[av_toggle title=&#8217;\u00d6sterreichische Bundeshymne&#8216; tags=&#8220;]<\/p>\n<h4 style=\"text-align: center;\">Land der Berge<\/h4>\n<p style=\"text-align: center;\">\u00d6sterreichische Bundeshymne<br \/>\nWeise: vermutlich von Johann Holzer (1753-1818)<br \/>\nWorte: Paula Preradovic (1881-1951)<\/p>\n<p style=\"text-align: center;\">1. Land der Berge, Land am Strome,<br \/>\nLand der \u00c4cker, Land der Dome,<br \/>\nLand der H\u00e4mmer, Zukunftsreich!<br \/>\nHeimat bist du gro\u00dfer S\u00f6hne,<br \/>\nVolk, begnadet f\u00fcr das Sch\u00f6ne,<br \/>\n[: vielger\u00fchmtes \u00d6sterreich, :]<\/p>\n<p style=\"text-align: center;\">2. Hei\u00df umfehdet, wild umstritten<br \/>\nliegst dem Erdteil du inmitten,<br \/>\neinem starken Herzen gleich.<br \/>\nHast seit fr\u00fchen Ahnentagen<br \/>\nhoher Sendung Last getragen,<br \/>\n[: vielgepr\u00fcftes \u00d6sterreich, :]<\/p>\n<p style=\"text-align: center;\">3. Mutig in die neuen Zeiten,<br \/>\nfrei und gl\u00e4ubig sieh uns schreiten,<br \/>\narbeitsfroh und hoffnungsreich.<br \/>\nEinig la\u00df in Br\u00fcderch\u00f6ren,<br \/>\nVaterland, dir Treue schw\u00f6ren,<br \/>\n[: vielgeliebtes \u00d6sterreich, :]<\/p>\n<p>[\/av_toggle]<br \/>\n[av_toggle title=&#8217;Tiroler Landeshymne&#8216; tags=&#8220;]<\/p>\n<h4 style=\"text-align: center;\">Zu Mantua in Banden<\/h4>\n<p style=\"text-align: center;\">Tiroler Landeshymne<br \/>\nTerxt: Julius Mosen, 1832<br \/>\nMusik: nach einer Volksweise von Leopold Knebelsberger<\/p>\n<p style=\"text-align: center;\">1. Strophe<br \/>\nZu Mantua in Banden<br \/>\nDer treue Hofer war,<br \/>\nIn Mantua zum Tode<br \/>\nF\u00fchrt ihn der Feinde Schar.<br \/>\nEs blutete der Br\u00fcder Herz,<br \/>\nGanz Deutschland, ach,<br \/>\nIn Schmach und Schmerz,<br \/>\nMit ihm das Land Tirol,<br \/>\nMit ihm das Land Tirol,<br \/>\nMit ihm das Land Tirol,<br \/>\nMit ihm das Land Tirol<\/p>\n<p style=\"text-align: center;\">2. Strophe<br \/>\nDie H\u00e4nde auf dem R\u00fccken<br \/>\nDer Sandwirth Hofer ging<br \/>\nMit ruhig festen Schritten,<br \/>\nIhm schien der Tod so gering,<br \/>\nDer Tod, den er so manchesmal<br \/>\nVom Iselberg geschickt ins Tal<br \/>\nIm heil\u00b4gen Land Tirol<\/p>\n<p style=\"text-align: center;\">3. Strophe<br \/>\nDoch als aus Kerkergittern<br \/>\nIm festen Mantua<br \/>\nDie treuen Waffenbr\u00fcder<br \/>\nDie H\u00e4nd\u00b4 er strecken sah,<br \/>\nDa rief er laut: Gott sei mit euch,<br \/>\nMit dem verratnen Deutschen Reich,<br \/>\nUnd mit dem Land Tirol.<\/p>\n<p style=\"text-align: center;\">4. Strophe<br \/>\nDem Tambour will der Wirbel<br \/>\nNicht unterm Schl\u00e4gel vor,<br \/>\nAls nun der Sandwirth Hofer<br \/>\nSchritt durch das finstre Tor.<br \/>\nDer Sandwirth noch in Banden frei<br \/>\nDort stand er fest auf der Bastei<br \/>\nDer Mann vom Land Tirol.<\/p>\n<p style=\"text-align: center;\">5. Strophe<br \/>\nDort soll er niederknien,<br \/>\nEr sprach: das tu\u00b4 ich nit!<br \/>\nWill sterben, wie ich stehe,<br \/>\nWill sterben, wie ich stritt,<br \/>\nSo wie ich steh\u00b4 auf dieser Schanz,<br \/>\nEs leb mein guter Kaiser Franz,<br \/>\nMit ihm das Land Tirol!<\/p>\n<p style=\"text-align: center;\">6. Strophe<br \/>\nUnd von der Hand die Binde<br \/>\nNimmt ihm der Korporal,<br \/>\nUnd Sandwirth Hofer betet<br \/>\nAlhier zum letzten Mal.<br \/>\nDann ruft er: nun so trefft mich recht.<br \/>\nGebt Feuer! &#8211; Ach, wie schie\u00dft ihr schlecht!<br \/>\nAde, mein Land Tirol!<\/p>\n<p>[\/av_toggle]<br \/>\n[av_toggle title=&#8217;Dem Land Tirol die Treue&#8216; tags=&#8220;]<\/p>\n<h4 style=\"text-align: center;\">Dem Land Tirol die Treue<\/h4>\n<p style=\"text-align: center;\">Melodie &amp; Text : Florian Pedarnig<\/p>\n<p style=\"text-align: center;\">1) Ein Kranz von Bergen stolz und hoch erhoben,<br \/>\numringt die Heimat mein Tiroler Land.<br \/>\nDie Gipfel strahlen hell in ihrem Glanze,<br \/>\nund leuchten weit von steiler Felsenwand.<br \/>\nDu bist das Land, dem ich die Treue halte,<br \/>\nweil du so sch\u00f6n bist, mein Tiroler Land!<br \/>\nDu bist das Land, dem ich die Treue halte,<br \/>\nweil du so sch\u00f6n bist, mein Tiroler Land!<\/p>\n<p style=\"text-align: center;\">2) Ein harter Kampf hat dich entzweigeschlagen,<br \/>\nvon dir gerissen wurde S\u00fcdtirol.<br \/>\nDie Dolomiten gr\u00fc\u00dfen uns von ferne,<br \/>\nin roter Glut zum letzten Lebewohl.<br \/>\nDu bist das Land, dem ich die Treue halte,<br \/>\nweil du so sch\u00f6n bist, mein Tiroler Land!<br \/>\nDu bist das Land, dem ich die Treue halte,<br \/>\nweil du so sch\u00f6n bist, mein Tiroler Land!<\/p>\n<p style=\"text-align: center;\">3) Doch wir Sch\u00fctzen halten fest zu sammen<br \/>\nmit gleichem Takt und auch mit festen Schritt.<br \/>\nWir werden immer f\u00fcr einander da sein<br \/>\nbis uns das Auge einmal bricht.<br \/>\nDu bist das Land, dem ich die Treue halte,<br \/>\nweil du so sch\u00f6n bist, mein Tiroler Land!<br \/>\nDu bist das Land, dem ich die Treue halte,<br \/>\nweil du so sch\u00f6n bist, mein Tiroler Land!<\/p>\n<p>[\/av_toggle]<br \/>\n[\/av_toggle_container]<\/p>\n<p>[av_hr class=&#8217;custom&#8216; height=&#8217;50&#8216; shadow=&#8217;no-shadow&#8216; position=&#8217;center&#8216; custom_border=&#8217;av-border-none&#8216; custom_width=&#8217;50px&#8216; custom_border_color=&#8220; custom_margin_top=&#8217;10px&#8216; custom_margin_bottom=&#8217;10px&#8216; icon_select=&#8217;no&#8216; custom_icon_color=&#8220; icon=&#8217;ue808&#8242; font=&#8217;entypo-fontello&#8216;]<\/p>\n<p>[av_textblock size=&#8220; font_color=&#8220; color=&#8220;]<\/p>\n<h3>Sch\u00fctzen<\/h3>\n<p>[\/av_textblock]<\/p>\n<p>[av_toggle_container initial=&#8217;0&#8242; mode=&#8217;accordion&#8216; sort=&#8220;]<br \/>\n[av_toggle title=&#8217;Es lebt der Sch\u00fctze&#8216; tags=&#8220;]<\/p>\n<h4 style=\"text-align: center;\">Es lebt der Sch\u00fctze froh und frei<\/h4>\n<p style=\"text-align: center;\">Worte und Weise: Hans Baumann<\/p>\n<p style=\"text-align: center;\">1) Es lebt der Sch\u00fctze froh und frei,<br \/>\nJa, froh und frei, ja, froh und frei;<br \/>\nMit ihm die ganze Jagerei,<br \/>\nDie ganze Jagerei.<br \/>\nUnd kommt der Feind ins Land herein,<br \/>\nUnd sollt&#8217;s der Tuifl selber sein,<br \/>\nEs ruhen uns&#8217;re Stutz\u00b4n nicht,<br \/>\nBis da\u00df das Auge bricht,<br \/>\nEs ruhen uns&#8217;re Stutz\u00b4n nicht,<br \/>\nBis einst das Auge bricht.<br \/>\nTrallala Trallala Trallalala<br \/>\nTrallerlalala trallalala.<br \/>\nBis einst das Auge bricht.<\/p>\n<p style=\"text-align: center;\">2) Und ist das Schwarze noch so klein,<br \/>\nJa, noch so klein, ja, noch so klein,<br \/>\nEs mu\u00df ein jeder Schu\u00df hinein,<br \/>\nEin jeder Schu\u00df hinein.<br \/>\nUnd kommt der Feind ins Land herein,<br \/>\nUnd sollt&#8217;s der Tuifl selber sein,<br \/>\nEs ruhen uns&#8217;re Stutz\u00b4n nicht,<br \/>\nBis da\u00df das Auge bricht,<br \/>\nEs ruhen uns&#8217;re Stutz\u00b4n nicht,<br \/>\nBis einst das Auge bricht.<br \/>\nTrallala Trallala Trallalala<br \/>\nTrallerlalala trallalala.<br \/>\nBis einst das Auge bricht.<\/p>\n<p style=\"text-align: center;\">3) Im Tal und auf den Bergesh\u00f6h\u00b4n<br \/>\nja Bergesh\u00f6h\u00b4n, ja Bergesh\u00f6h\u00b4n<br \/>\nwoll\u00b4n wir auf treuer Wache steh\u00b4n.<br \/>\nauf treuer Wache steh\u00b4n!<br \/>\nUnd kommt der Feind ins Land herein,<br \/>\nUnd sollt&#8217;s der Tuifl selber sein,<br \/>\nEs ruhen uns&#8217;re Stutz\u00b4n nicht,<br \/>\nBis da\u00df das Auge bricht,<br \/>\nEs ruhen uns&#8217;re Stutz\u00b4n nicht,<br \/>\nBis einst das Auge bricht.<br \/>\nTrallala Trallala Trallalala<br \/>\nTrallerlalala trallalala.<br \/>\nBis einst das Auge bricht.<\/p>\n<p style=\"text-align: center;\">4) Es lebe unser \u00d6sterreich,<br \/>\nJa \u00d6sterreich, ja \u00d6sterreich,<br \/>\nAn Sch\u00f6nheit ist ihm keines gleich,<br \/>\nJa ist ihm keines gleich!<br \/>\nUnd kommt der Feind ins Land herein,<br \/>\nUnd sollt&#8217;s der Tuifl selber sein,<br \/>\nEs ruhen uns&#8217;re Stutz\u00b4n nicht,<br \/>\nBis da\u00df das Auge bricht,<br \/>\nEs ruhen uns&#8217;re Stutz\u00b4n nicht,<br \/>\nBis einst das Auge bricht.<br \/>\nTrallala Trallala Trallalala<br \/>\nTrallerlalala trallalala.<br \/>\nBis einst das Auge bricht.<br \/>\n[\/av_toggle]<br \/>\n[av_toggle title=&#8217;Wohl ist die Welt&#8216; tags=&#8220;]<\/p>\n<h4 style=\"text-align: center;\">Wohl ist die Welt<\/h4>\n<p style=\"text-align: center;\">Bozner Bergsteigerlied<br \/>\nWeise: nach einem alten Handwerkerlied aus S\u00fcdtirol<br \/>\nWorte: Karl Felderer<\/p>\n<p style=\"text-align: center;\">1. Wohl ist die Welt so gro\u00df und weit<br \/>\nUnd voller Sonnenschein<br \/>\nDas allersch\u00f6nste St\u00fcck davon<br \/>\nIst doch die Heimat mein<br \/>\nDort wo aus schmaler Felsenkluft<br \/>\nDer Eisack springt heraus<br \/>\nVon Sigmunds Kron der Etsch entlang<br \/>\nBis zur Salurner Klaus<\/p>\n<p style=\"text-align: center;\">Hei di hei di hei da&#8230;<br \/>\nHei di hei di hei da&#8230;<\/p>\n<p style=\"text-align: center;\">2. Wo K\u00f6nig Ortler seine Stirn<br \/>\nHoch in die L\u00fcfte reckt,<br \/>\nBis zu des Arnolds Alpenreich,<br \/>\nDas tausend Blumen deckt:<br \/>\nDort ist mein sch\u00f6nes Heimatland<br \/>\nMit seinem schweren Leid,<br \/>\nMit seinen stolzen Bergesh\u00f6h&#8217;n,<br \/>\nMit seiner stolzen Freud.<\/p>\n<p style=\"text-align: center;\">3. Im Fr\u00fchling, wenn&#8217;s im Tal entlang<br \/>\nAus allen Knospen sprie\u00dft,<br \/>\nWenn auf dem Schlern im Sonnenhang<br \/>\nDer Winterschnee zerflie\u00dft:<br \/>\nDa f\u00fchl ein eigen Sehnen ich<br \/>\nUnd halt es nicht mehr aus,<br \/>\nEs ruft so laut die Heimat mich,<br \/>\nIch wandre froh hinaus.<\/p>\n<p style=\"text-align: center;\">4. Wenn in der Sommersonnwendnacht<br \/>\nDas Feuer still verglimmt,<br \/>\nWei\u00df jeder und das Herz ihm lacht:<br \/>\nDie Kletterzeit beginnt.<br \/>\nVon K\u00f6nig Laurins Felsenburg,<br \/>\nSo stolz und k\u00fchn gebaut,<br \/>\nHab wohl von jeder Zinne<br \/>\nOft die Heimat ich geschaut.<\/p>\n<p style=\"text-align: center;\">5. Dann kommt mit seiner Herrlichkeit<br \/>\nDer Herbst ins Land herein<br \/>\nUnd alle Keller f\u00fcllen sich<br \/>\nMit Heimatfeuerwein.<br \/>\nMan sitzt beim vollen Glase dann<br \/>\nUnd singt ein frohes Lied,<br \/>\nWenn in des Abends D\u00e4mmerschein<br \/>\nDer Rosengarten gl\u00fcht.<\/p>\n<p style=\"text-align: center;\">6. Das Jahr vergeht, die Zeit verrinnt<br \/>\nUnd leise \u00fcber Nacht<br \/>\ndeckt&#8217;s Heimatland In Berg und Tal<br \/>\nDes Winters wei\u00dfe Pracht.<br \/>\nZu einem kleinen H\u00fcttlein<br \/>\nF\u00fchrt die Spur von meinen Ski,<br \/>\nUnd abends t\u00f6nt vom Berg ins Tal<br \/>\nGanz leis die Melodie:<\/p>\n<p style=\"text-align: center;\">7. Drum auf und sto\u00dft die Gl\u00e4ser an,<br \/>\nEs gilt der Heimat mein:<br \/>\nDie Berge hoch, das gr\u00fcne Tal,<br \/>\nMein M\u00e4del und der Wein!<br \/>\nUnd wenn dann einst, so leid mir&#8217;s tut,<br \/>\nMein Lebenslicht verlischt,<br \/>\nFreu ich mich, da\u00df der Himmel auch<br \/>\nSch\u00f6n wie die Heimat ist!<\/p>\n<p>[\/av_toggle]<br \/>\n[av_toggle title=&#8217;Kaiserj\u00e4gerlied&#8216; tags=&#8220;]<\/p>\n<h4 style=\"text-align: center;\">Kaiserj\u00e4gerlied<\/h4>\n<p style=\"text-align: center;\">Weise und Melodie: Alpenj\u00e4gerlied, Max Depolo<\/p>\n<p style=\"text-align: center;\">1) Wir J\u00e4ger lassen schallen<br \/>\nEin froh gewaltig Lied, hurra!<br \/>\nUnd gelten soll es allen,<br \/>\nZerstreut in Nord und S\u00fcd, hurra!<br \/>\nIm Osten und im Westen,<br \/>\nWo unsre Fahne weht,<br \/>\n[: Wir z\u00e4hlen zu den Besten,<br \/>\nSo lang die Treu&#8216; besteht. :]<br \/>\nUnd sieht man uns so sagt man,<br \/>\nUnd alles l\u00e4uft und rennt:<br \/>\n[: Das sind die Kaiserj\u00e4ger<br \/>\nVom ersten Regiment. :]<\/p>\n<p style=\"text-align: center;\">2) Wenn wir hinausmarschieren<br \/>\nIns weite, freie Feld, hurra!<br \/>\nUnd frisch dort exerzieren,<br \/>\nEs jedem wohl gef\u00e4llt, hurra!<br \/>\nDa schauen uns die M\u00e4dchen<br \/>\nAuch immer gerne zu<br \/>\n[: Und jede m\u00f6cht&#8216; im Stillen<br \/>\nAuch so an J\u00e4gersbue. :]<br \/>\nAuf d&#8217;Nacht, da gibt&#8217;s an Drahrer<br \/>\nMit seiner Jagerin,<br \/>\n[: Wir sind die Kaiserj\u00e4ger<br \/>\nVom ersten Regiment. :]<\/p>\n<p style=\"text-align: center;\">3) Wenn vor dem Feind wir stehen<br \/>\nMit mutgeschwellter Brust, hurra!<br \/>\nMu\u00df alles in Scherben gehen<br \/>\nBei unsrer Kampfeslust, hurra!<br \/>\nBei uns, da gibt&#8217;s kein Weichen;<br \/>\nWir stehen Mann f\u00fcr Mann<br \/>\n[: Stark wie die deutschen Eichen,<br \/>\nDie niemand brechen kann. :]<br \/>\nUnd sinkt auch mancher nieder,<br \/>\nIm Herz die Kugel brennt,<br \/>\n[: Wir sind die Kaiserj\u00e4ger<br \/>\nVom ersten Regiment. :]<\/p>\n<p>[\/av_toggle]<br \/>\n[av_toggle title=&#8217;Tirol is lei oans&#8216; tags=&#8220;]<\/p>\n<h4 style=\"text-align: center;\">Tirol is lei oans<\/h4>\n<p style=\"text-align: center;\">Melodie: Vinzenz Goller, 1872-1953<br \/>\nText: Sebastian Rieger, 1867-1953<\/p>\n<p style=\"text-align: center;\">1) Tirol is lei oans,<br \/>\nIs a Landl a kloans,<br \/>\nIs a shians, is a feins,<br \/>\nUnd d\u00e5s Landl is meins.<\/p>\n<p style=\"text-align: center;\">2) Mei Liab is Tirol,<br \/>\nIs mei Weh und mei Wohl,<br \/>\nIs mei Guat und mei H\u00e5b,<br \/>\nIs mei Wiag und mei Gr\u00e5b.<\/p>\n<p style=\"text-align: center;\">3) Tirol is lei oans &#8211;<br \/>\nWia d\u00e5s Landl is koans!<br \/>\nIn der Nah, in der Fern,<br \/>\nIs koans auf der Erdn!<\/p>\n<p>[\/av_toggle]<br \/>\n[av_toggle title=&#8217;Tirol, du bist mein Heimatland&#8216; tags=&#8220;]<\/p>\n<h4 style=\"text-align: center;\">Tirol, du bist mein Heimatland<\/h4>\n<p style=\"text-align: center;\">Melodie: J.P. Esteri und A. Zweigle<\/p>\n<p style=\"text-align: center;\">1. [: Tirol, Tirol, Tirol,<br \/>\nDu bist mein Heimatland;<br \/>\nWeit \u00fcber Berg und Tal<br \/>\nDas Alphorn schallt. :]<\/p>\n<p style=\"text-align: center;\">2. [: Die Wolken ziehn dahin,<br \/>\nSie ziehn auch wieder her,<br \/>\nDer Mensch lebt nur einmal<br \/>\nUnd dann nicht mehr. :]<\/p>\n<p style=\"text-align: center;\">3. [: Ich hab &#8217;nen Schatz gekannt,<br \/>\nDer dort im Grabe ruht,<br \/>\nDen hab ich mein genannt,<br \/>\nEr war mir gut. :]<\/p>\n<p style=\"text-align: center;\">4. [: Hab keine Eltern mehr,<br \/>\nSie sind schon l\u00e4ngst bei Gott,<br \/>\nKein Bruder, Schwester mehr,<br \/>\nSind alle tot. :]<\/p>\n<p style=\"text-align: center;\">5. [: Wenn ich gestorben bin,<br \/>\nLegt mich ins k\u00fchle Grab,<br \/>\nWo deutsche Eichen stehn<br \/>\nLegt mich hinab. :]<\/p>\n<p>[\/av_toggle]<br \/>\n[av_toggle title=&#8217;Das Sch\u00f6nste auf der Welt&#8216; tags=&#8220;]<\/p>\n<h4 style=\"text-align: center;\">Das Sch\u00f6nste auf der Welt<\/h4>\n<p style=\"text-align: center;\">1. Das Sch\u00f6nste auf der Welt ist mein Tirolerland,<br \/>\nmit seinen Bergesh\u00f6h\u00b4n und seiner Felsenwand.<\/p>\n<p style=\"text-align: center;\">[: Valleri, vallera, valleri, vallera, hoch oben auf der Alm! :]<br \/>\n[: Tirolerland wie bist du sch\u00f6n, so sch\u00f6n, wer wei\u00df, ob wir uns wieder seh\u00b4n :]<\/p>\n<p style=\"text-align: center;\">2. Des Morgens in der Fr\u00fch, da steig\u00b4 ich hoch hinauf,<br \/>\nda geht so wundersch\u00f6n die Morgensonne auf. Valleri, usw.<\/p>\n<p style=\"text-align: center;\">3. Des Nachts, wenn alles schl\u00e4ft und ich allein bin wach,<br \/>\ndann steig\u00b4 ich auf die Alm und sp\u00fcr\u00b4 dem Gamsbock nach. Valleri, usw.<\/p>\n<p style=\"text-align: center;\">4. Die ich nicht leiden kann, die seh\u00b4 ich jeden Tag &#8211;<br \/>\nund die mein Herz erfreut, die ist so weit, so weit. Valleri, usw.<\/p>\n<p style=\"text-align: center;\">5. Wenn ich gestorben bin, so tragt mich hoch hinauf;<br \/>\nbegrabt ihr mich im Tal, dann steig\u00b4 ich selber \u00b4nauf. Valleri, usw.<\/p>\n<p>[\/av_toggle]<br \/>\n[\/av_toggle_container]<\/p>\n<p>[av_hr class=&#8217;custom&#8216; height=&#8217;50&#8216; shadow=&#8217;no-shadow&#8216; position=&#8217;center&#8216; custom_border=&#8217;av-border-none&#8216; custom_width=&#8217;50px&#8216; custom_border_color=&#8220; custom_margin_top=&#8217;10px&#8216; custom_margin_bottom=&#8217;10px&#8216; icon_select=&#8217;no&#8216; custom_icon_color=&#8220; icon=&#8217;ue808&#8242; font=&#8217;entypo-fontello&#8216;]<\/p>\n<p>[av_textblock size=&#8220; font_color=&#8220; color=&#8220;]<\/p>\n<h3>Kirche<\/h3>\n<p>[\/av_textblock]<\/p>\n<p>[av_toggle_container initial=&#8217;0&#8242; mode=&#8217;accordion&#8216; sort=&#8220;]<br \/>\n[av_toggle title=&#8217;Gro\u00dfer Gott&#8216; tags=&#8220;]<\/p>\n<h4 style=\"text-align: center;\">Gro\u00dfer Gott<\/h4>\n<p style=\"text-align: center;\">Text: Ignaz Franz, in Ka\u00adthol\u00adisch\u00ades Ge\u00adsang\u00adbuch (Wien: cir\u00adca 1774).<br \/>\nMusik: \u201cTe Deum,\u201dKatholisches Gesangbuch (Wien: circa 1774)<\/p>\n<p style=\"text-align: center;\">1. Gro\u00dfer Gott, wir loben dich,<br \/>\nHerr, wir preisen deine St\u00e4rke,<br \/>\nVor dir beugt die Erde sich<br \/>\nUnd bewundert deine Werke.<br \/>\nWie du warst vor aller Zeit,<br \/>\nSo bleibst du in Ewigkeit.<\/p>\n<p style=\"text-align: center;\">2. Alles, was dich preisen kann,<br \/>\nCherubim und Seraphinen,<br \/>\nStimmen dir ein Loblied an;<br \/>\nAlle Engel, die dir dienen,<br \/>\nRufen dir in sel&#8217;ger Ruh&#8216;:<br \/>\nHeilig, heilig, heilig! zu.<\/p>\n<p style=\"text-align: center;\">3. Heilig, Herr Gott Zabaoth!<br \/>\nHeilig, Herr der Kriegesheere!<br \/>\nStarker Helfer in der Not,<br \/>\nHimmel, Erde, Luft und Meere<br \/>\nSind erf\u00fcllt von deinem Ruhm<br \/>\nAlles ist dein Eigentum.<\/p>\n<p style=\"text-align: center;\">4. Sieh dein Volk in Gnaden an;<br \/>\nHilf uns, segne, Herr, dein Erbe,<br \/>\nLeit es auf der rechten Bahn,<br \/>\nDa\u00df der Feind es nicht verderbe.<br \/>\nWart und pfleg es in der Zeit,<br \/>\nHeb es hoch in Ewigkeit.<\/p>\n<p style=\"text-align: center;\">5. Alle Tage wollen wir<br \/>\nDich und deinen Namen preisen<br \/>\nUnd zu allen Zeiten dir<br \/>\nEhre, Lob und Dank erweisen.<br \/>\nRett aus S\u00fcnden, rett aus Tod,<br \/>\nSei uns gn\u00e4dig Herre Gott.<\/p>\n<p style=\"text-align: center;\">6. Herr, erbarm, erbarme dich!<br \/>\nAuf uns komme, Herr, dein Segen!<br \/>\nDeine G\u00fcte zeige sich<br \/>\nAllen der Verhei\u00dfung wegen.<br \/>\nAuf dich hoffen wir allein;<br \/>\nLa\u00df uns nicht verloren sein!<\/p>\n<p style=\"text-align: center;\">6a. Herr, erbarm, erbarme dich<br \/>\nLa\u00df uns deine G\u00fcte schauen<br \/>\nDeine Treue zeige sich<br \/>\nWie wir fest auf dich vertrauen<br \/>\nAuf dich hoffen wir allein<br \/>\nLa\u00df uns nicht verloren sein.<\/p>\n<p style=\"text-align: center;\">7. Der Apostel heil&#8217;ger Chor,<br \/>\nDer Propheten gro\u00dfe Menge<br \/>\nSchickt zu deinem Thron empor<br \/>\nNeue Lob- und Dankges\u00e4nge!<br \/>\nDer Blutzeugen gro\u00dfe Schar<br \/>\nLobt und preist dich immerdar.<\/p>\n<p style=\"text-align: center;\">8. Auf dem ganzen Erdenkreis<br \/>\nLoben Gro\u00dfe und auch Kleine<br \/>\nDich, Gott Vater, dir zum Preis<br \/>\nSingt die heilige Gemeinde:<br \/>\nSie verehrt auf seinem Thron<br \/>\nDeinen eingebornen Sohn.<\/p>\n<p style=\"text-align: center;\">8a. Dich, Gott Vater auf dem Thron<br \/>\nLoben Gro\u00dfe, loben Kleine.<br \/>\nDeinem eingebornen Sohn<br \/>\nSingt die heilige Gemeinde<br \/>\nUnd sie ehrt den Heilgen Geist<br \/>\nder uns seinen Trost erweist.<\/p>\n<p style=\"text-align: center;\">9. Sie verehrt den Heil&#8217;gen Geist,<br \/>\nWelcher uns mit seinen Lehren<br \/>\nUnd mit Troste kr\u00e4ftig speist;<br \/>\nDer, O K\u00f6nig aller Ehren,<br \/>\nDer mit dir, Herr Jesu Christ,<br \/>\nUnd dem Vater ewig ist.<\/p>\n<p style=\"text-align: center;\">10. Du, des Vaters ewger Sohn<br \/>\nHast die Menschheit angenommen<br \/>\nBist vom hohen Himmelsthron<br \/>\nZu uns auf die Welt gekommen<br \/>\nHast uns Gottes Gnad gebracht<br \/>\nVon der S\u00fcnd uns frei gemacht.<\/p>\n<p style=\"text-align: center;\">11. Durch dich steht das Himmelstor<br \/>\nAllen, welche glauben, offen<br \/>\nDu stellst uns dem Vater vor<br \/>\nWenn wir kindlich auf dich hoffen<br \/>\nDu wirst kommen zum Gericht<br \/>\nWenn der letzte Tag anbricht.<\/p>\n<p style=\"text-align: center;\">12. Herr, steh deinen Dienern bei<br \/>\nWelche dich in Demut bitten<br \/>\nKauftest durch dein Blut uns frei<br \/>\nHast den Tod f\u00fcr uns gelitten<br \/>\nNimm uns nach vollbrachtem Lauf<br \/>\nZu dir in den Himmel auf.<\/p>\n<p>[\/av_toggle]<br \/>\n[av_toggle title=&#8217;Lobe den Herren&#8216; tags=&#8220;]<\/p>\n<h4 style=\"text-align: center;\">Lobe den Herren<\/h4>\n<p style=\"text-align: center;\">Melodie: Stralsund 1665<br \/>\nText: Joachim Neander, 1679<\/p>\n<p style=\"text-align: center;\">Lobe den Herren, den m\u00e4chtigen K\u00f6nig der Ehren;<br \/>\nlob ihn, o Seele, vereint mit den himmlischen Ch\u00f6ren.<br \/>\nKommet zuhauf, Psalter und Harfe, wacht auf,<br \/>\nlasset den Lobgesang h\u00f6ren.<\/p>\n<p style=\"text-align: center;\">Lobe den Herren, der alles so herrlich regieret,<br \/>\nder dich auf Adelers Fittichen sicher gef\u00fchret,<br \/>\nder dich erh\u00e4lt, wie es dir selber gef\u00e4llt.<br \/>\nHast du nicht dieses versp\u00fcret?<\/p>\n<p style=\"text-align: center;\">Lobe den Herren, der k\u00fcnstlich und fein dich bereitet,<br \/>\nder dir Gesundheit verliehen, dich freundlich geleitet.<br \/>\nIn wieviel Not hat nicht der gn\u00e4dige Gott<br \/>\n\u00fcber dir Fl\u00fcgel gebreitet!<\/p>\n<p style=\"text-align: center;\">Lobe den Herren, was in mir ist, lobe den Namen.<br \/>\nLob ihn mit allem, die seine Verhei\u00dfung bekamen.<br \/>\nEr ist dein Licht; Seele, vergi\u00df es ja nicht.<br \/>\nLob ihn in Ewigkeit. Amen.<\/p>\n<p>[\/av_toggle]<br \/>\n[av_toggle title=&#8217;Stille Nacht &#8211; Heilige Nacht&#8216; tags=&#8220;]<\/p>\n<h4 style=\"text-align: center;\">Stille Nacht &#8211; Heilige Nacht<\/h4>\n<p style=\"text-align: center;\">Melodie: Franz Xaver Gruber, 1818<br \/>\nText: Joseph Mohr, 1816; Original auf lateinisch geschrieben<\/p>\n<p style=\"text-align: center;\">1. Stille Nacht, heilige Nacht!<br \/>\nAlles schl\u00e4ft, einsam wacht<br \/>\nNur das traute hochheilige Paar.<br \/>\nHolder Knabe im lockigen Haar,<br \/>\n[: Schlaf in himmlischer Ruh! :]<\/p>\n<p style=\"text-align: center;\">2. Stille Nacht, heilige Nacht!<br \/>\nHirten erst kundgemacht<br \/>\nDurch der Engel Halleluja,<br \/>\nT\u00f6nt es laut von fern und nah:<br \/>\n[: Christ, der Retter ist da! :]<\/p>\n<p style=\"text-align: center;\">3. Stille Nacht, Heilige Nacht!<br \/>\nGottes Sohn, oh, wie lacht<br \/>\nLieb&#8216; aus deinem g\u00f6ttlichen Mund,<br \/>\nDa uns schl\u00e4gt die rettende Stund,<br \/>\n[: Christ, in deiner Geburt! :]<\/p>\n<p style=\"text-align: center;\">4. Stille Nacht, heilige Nacht!<br \/>\nDie der Welt Heil gebracht<br \/>\nAus des Himmels goldenen H\u00f6h&#8217;n<br \/>\nUns der Gnade F\u00fclle l\u00e4\u00dft seh&#8217;n:<br \/>\n[: Jesus in Menschengestalt. :]<\/p>\n<p style=\"text-align: center;\">5. Stille Nacht, heilige Nacht!<br \/>\nWo sich heut alle Macht<br \/>\nJener Liebe huldvoll ergo\u00df,<br \/>\nDie uns arme Menschen umschlo\u00df:<br \/>\n[: Jesus, der Heiland der Welt. :]<\/p>\n<p>[\/av_toggle]<br \/>\n[av_toggle title=&#8217;Herz Jesu Lied&#8216; tags=&#8220;]<\/p>\n<h4 style=\"text-align: center;\">Herz Jesu Lied<\/h4>\n<p style=\"text-align: center;\">Auf zum Schwur &#8222;Tiroler Land&#8220;,<br \/>\nheb zum Himmel Herz und Hand!<br \/>\nWas die V\u00e4ter einst gelobt<br \/>\nda der Kriegssturm sie umtobt<br \/>\ndas gelobt wir aufs neue,<br \/>\nJesu Herz dir ewge Treue!<br \/>\ndas gelobt wir aufs neue,<br \/>\nJesu Herz dir ewge Treue!<\/p>\n<p style=\"text-align: center;\">Auf dem weiten Erdenrund<br \/>\ngib es keinen sch\u00f6nern Bund<br \/>\nL\u00e4stern uns die Feinde auch<br \/>\nTreue ist Tiroler Brauch<br \/>\ndrumm gelobt wir aufs neue,<br \/>\nJesu Herz dir ewge Treue!<br \/>\ndrumm gelobt wir aufs neue,<br \/>\nJesu Herz dir ewge Treue!<\/p>\n<p>[\/av_toggle]<br \/>\n[\/av_toggle_container]<\/p>\n<p>[av_hr class=&#8217;custom&#8216; height=&#8217;50&#8216; shadow=&#8217;no-shadow&#8216; position=&#8217;center&#8216; custom_border=&#8217;av-border-none&#8216; custom_width=&#8217;50px&#8216; custom_border_color=&#8220; custom_margin_top=&#8217;10px&#8216; custom_margin_bottom=&#8217;10px&#8216; icon_select=&#8217;no&#8216; custom_icon_color=&#8220; icon=&#8217;ue808&#8242; font=&#8217;entypo-fontello&#8216;]<\/p>\n<p>[av_textblock size=&#8220; font_color=&#8220; color=&#8220;]<\/p>\n<h3>Sonstiges<\/h3>\n<p>[\/av_textblock]<\/p>\n<p>[av_toggle_container initial=&#8217;0&#8242; mode=&#8217;accordion&#8216; sort=&#8220;]<br \/>\n[av_toggle title=&#8217;Es zog ein Regiment&#8216; tags=&#8220;]<\/p>\n<h4 style=\"text-align: center;\">Es zog ein Regiment<\/h4>\n<p style=\"text-align: center;\">1. [: Es zog ein Regiment<br \/>\nVom Ungarland herauf :]<br \/>\n[: Ein Regiment zu Fu\u00df,<br \/>\nEin Regiment zu Pferd,<br \/>\nEin Batallion Soldaten. :]<\/p>\n<p style=\"text-align: center;\">2. [: Bei einer Frau Wirtin,<br \/>\nDa kehrten sie ein :]<br \/>\n[: Bei Bier und bei Wein<br \/>\nda kehrten sie ein<br \/>\nein schwarzbraunes M\u00e4del<br \/>\nschenkte ein. :]<\/p>\n<p style=\"text-align: center;\">3. [: Und als das M\u00e4del<br \/>\nwar vom Schlafe aufgfewacht:|<br \/>\n[: Vom Schlafe auferwacht,<br \/>\nDie Augen aufgemacht,<br \/>\nDa fing es es an zu weinen. :]<\/p>\n<p style=\"text-align: center;\">4. [: Ach schwarzbraunes M\u00e4del,<br \/>\nWarum weinest du so sehr? :]<br \/>\n[: &#8222;Ein junger Offizier<br \/>\nVom Regimente vier<br \/>\nHat mir mein Ehr&#8216; genommen.&#8220; :]<\/p>\n<p style=\"text-align: center;\">5. [: Der Hauptmann, der war<br \/>\nEin gestrenger Mann, :]<br \/>\n[: Er lie\u00df die Trommeln r\u00fchren,<br \/>\nSoldaten aufmarschieren,<br \/>\nDen Leutnant lie\u00df er h\u00e4ngen. :]<\/p>\n<p style=\"text-align: center;\">6. [: Es zog ein Regiment<br \/>\nVom Ungarland heraus, :]<br \/>\n[: ein Regiment zu Fu\u00df,<br \/>\nEin Regiment zu Pferd,<br \/>\nEin Bataillon Soldaten. :]<\/p>\n<p style=\"text-align: center;\">Worte und Weise: Entstanden bei den Truppen aus Hessen-Kassel, die an der holl\u00e4ndischen Grenze zum Schutze gegen Frankreich standen. In der vorliegenden Fassung seit dem Weltkriege verbreitet.<\/p>\n<p>[\/av_toggle]<\/p>\n<p>[\/av_toggle_container]<\/p>\n","protected":false},"excerpt":{"rendered":"<p>[av_textblock size=&#8220; font_color=&#8220; color=&#8220;] Hymnen [\/av_textblock] [av_toggle_container initial=&#8217;0&#8242; mode=&#8217;accordion&#8216; sort=&#8220;] [av_toggle title=&#8217;\u00d6sterreichische Bundeshymne&#8216; tags=&#8220;] Land der Berge \u00d6sterreichische Bundeshymne Weise: vermutlich von Johann Holzer (1753-1818) Worte: Paula Preradovic (1881-1951) 1. Land der Berge, Land am Strome, Land der \u00c4cker, Land der Dome, Land der H\u00e4mmer, Zukunftsreich! Heimat bist du gro\u00dfer S\u00f6hne, Volk, begnadet f\u00fcr das&hellip;&nbsp;<a href=\"https:\/\/viv.tirol\/skiv\/extras\/lieder\/\" rel=\"bookmark\">Mehr lesen &raquo;<span class=\"screen-reader-text\">Lieder<\/span><\/a><\/p>\n","protected":false},"author":29,"featured_media":0,"parent":3352,"menu_order":0,"comment_status":"closed","ping_status":"closed","template":"","meta":{"_acf_changed":false,"neve_meta_sidebar":"","neve_meta_container":"","neve_meta_enable_content_width":"","neve_meta_content_width":0,"neve_meta_title_alignment":"","neve_meta_author_avatar":"","neve_post_elements_order":"","neve_meta_disable_header":"","neve_meta_disable_footer":"","neve_meta_disable_title":"","neve_meta_reading_time":"","_themeisle_gutenberg_block_has_review":false,"footnotes":""},"class_list":["post-3360","page","type-page","status-publish","hentry"],"acf":[],"_links":{"self":[{"href":"https:\/\/viv.tirol\/skiv\/wp-json\/wp\/v2\/pages\/3360","targetHints":{"allow":["GET"]}}],"collection":[{"href":"https:\/\/viv.tirol\/skiv\/wp-json\/wp\/v2\/pages"}],"about":[{"href":"https:\/\/viv.tirol\/skiv\/wp-json\/wp\/v2\/types\/page"}],"author":[{"embeddable":true,"href":"https:\/\/viv.tirol\/skiv\/wp-json\/wp\/v2\/users\/29"}],"replies":[{"embeddable":true,"href":"https:\/\/viv.tirol\/skiv\/wp-json\/wp\/v2\/comments?post=3360"}],"version-history":[{"count":0,"href":"https:\/\/viv.tirol\/skiv\/wp-json\/wp\/v2\/pages\/3360\/revisions"}],"up":[{"embeddable":true,"href":"https:\/\/viv.tirol\/skiv\/wp-json\/wp\/v2\/pages\/3352"}],"wp:attachment":[{"href":"https:\/\/viv.tirol\/skiv\/wp-json\/wp\/v2\/media?parent=3360"}],"curies":[{"name":"wp","href":"https:\/\/api.w.org\/{rel}","templated":true}]}}