{"id":3356,"date":"2016-03-22T18:55:48","date_gmt":"2016-03-22T17:55:48","guid":{"rendered":"https:\/\/viv.tirol\/skiv\/?page_id=3356"},"modified":"2016-03-24T10:35:39","modified_gmt":"2016-03-24T09:35:39","slug":"links","status":"publish","type":"page","link":"https:\/\/viv.tirol\/skiv\/extras\/links\/","title":{"rendered":"Links"},"content":{"rendered":"<h2>Links:<\/h2>\n<h3>Igls\/Vill:<\/h3>\n<p><a href=\"http:\/\/www.innsbruck.info\/igls\" target=\"_blank\">Tourismusverband Igls<\/a><br \/>\n<a href=\"http:\/\/members.chello.at\/magnus.roth\/\" target=\"_blank\">Pfarre Igls &amp; Vill<\/a><br \/>\n<a href=\"http:\/\/www.ffigls.at\/\" target=\"_blank\">Freiwillige Feuerwehr Igls<\/a><br \/>\n<a href=\"https:\/\/der-igel.info\/\" target=\"_blank\">Stadtteilzeitung Igls &#8222;Der Igel&#8220;<\/a><\/p>\n<h3>Sch\u00fctzenwesen:<\/h3>\n<h4>Befreundete Kompanien<\/h4>\n<p>Alte Pfarre Natz (derzeit kein Link bekannt)<br \/>\n<a href=\"http:\/\/schuetzenkompanie-lans.at\/\" target=\"_blank\">Sch\u00fctzenkompanie Lans<\/a><\/p>\n<h4>Bataillon Innsbruck<\/h4>\n<p><a href=\"http:\/\/www.schuetzenbataillon-innsbruck.at\/\">Bataillon Innsbruck<\/a><br \/>\n<a href=\"http:\/\/www.sk-muehlau.at\/\">Sch\u00fctzenkompanie M\u00fchlau<\/a><br \/>\n<a href=\"http:\/\/www.wiltener.schuetzen.tyrol.at\/index.htm\">Sch\u00fctzenkompanie Wilten<\/a><br \/>\n<a href=\"http:\/\/www.amras.at\/schuetzen\">Sch\u00fctzenkompanie Innsbruck Amras<\/a><br \/>\n<a href=\"http:\/\/www.schuetzen-allerheiligen.at.tt\/\">Sch\u00fctzenkompanie Innsbruck Allerheiligen<\/a><br \/>\n<a href=\"http:\/\/www.reichenauer-schuetzen.at\/\">Sch\u00fctzenkompanie Innsbruck Reichenau<\/a><\/p>\n<h4>Tirol<\/h4>\n<p><a href=\"http:\/\/www.tiroler-schuetzen.at\/\">Bund der Tiroler Sch\u00fctzenkompanien<\/a><br \/>\n<a href=\"http:\/\/www.stubai-tal.at\/Schuetzen.htm\">Sch\u00fctzenbataillon Stubaital<\/a><br \/>\n<a href=\"http:\/\/www.deutschmeister.at\/\">Deutschmeister<\/a><br \/>\n<a href=\"http:\/\/www.schuetzen.at.tf\/\">Sch\u00fctzenkompanie Imst<\/a><br \/>\n<a href=\"http:\/\/www.schuetzenkompanie.at.tf\/\">Sch\u00fctzenkompanie Bad H\u00e4ring<\/a><br \/>\n<a href=\"http:\/\/www.schuetzenkompanie.de.vu\/\">Sch\u00fctzenkompanie Kematen<\/a><br \/>\n<a href=\"http:\/\/www.fellerschuetzen.at.tf\/\">Fellersch\u00fctzen<\/a><br \/>\n<a href=\"http:\/\/www.brg-landeck.tsn.at\/schuetzen\/public_html\/\">Sch\u00fctzenkompanie Kappl<\/a><br \/>\n<a href=\"http:\/\/www.schuetzen-lienz.com\/\">Sch\u00fctzenkompanie Lienz<\/a><br \/>\n<a href=\"http:\/\/bataillon.at\/\">Bataillon Oberes Iseltal Osttirol<\/a><br \/>\n<a href=\"http:\/\/www.schuetzenkompanie.cc\/\">Sch\u00fctzenkompanie St. Anton am Arlberg<\/a><br \/>\n<a href=\"http:\/\/schuetzen.fliess.at\/\">Sch\u00fctzenkompanie Flie\u00df<\/a><br \/>\n<a href=\"http:\/\/www.xn--schtzen-kramsach-lzb.at\/\">Sch\u00fctzenkompanie Kramsach<\/a><br \/>\n<a href=\"http:\/\/schuetzen.uderns.at\/\">Sch\u00fctzenkompanie Uderns<\/a><br \/>\n<a href=\"http:\/\/www.zillertal-schuetzen.at\/\">Zillertaler Sch\u00fctzen<\/a><br \/>\n<a href=\"http:\/\/www.kompanie-strassen.at.tt\/\">Sch\u00fctzenkompanie Strassen<\/a><br \/>\n<a href=\"http:\/\/www.ampass.at\/schuetzen\/\">Sch\u00fctzenkompanie Ampass<\/a><br \/>\n<a href=\"http:\/\/www.sch%EF%BF%BDtzenkompanie.at\/\">Sch\u00fctzenkompanie Ried Kaltenbach<\/a><br \/>\n<a href=\"http:\/\/www.rettenberger-schuetzen.at\/\">Bataillon Rettenberg<\/a><br \/>\n<a href=\"http:\/\/www.schuetzenkompanie-muenster.at\/\">Sch\u00fctzenkompanie M\u00fcnster<\/a><br \/>\n<a href=\"http:\/\/www.andreashofer.schwaz.at\/\">Andreas Hofer Kompanie Schwaz<\/a><br \/>\n<a href=\"http:\/\/www.speckbacher-schuetzen.at\/\">Speckbacher Sch\u00fctzenkompanie Hall<\/a><br \/>\n<a href=\"http:\/\/www.ersteschwazer.at\/\">1. Schwazer Sch\u00fctzenkompanie<\/a><br \/>\n<a href=\"http:\/\/www.schuetzen-fulpmes.at\/\">Sch\u00fctzenkompanie Fulpmes<\/a><br \/>\n<a href=\"http:\/\/www.waidringer-schuetzen.at\/\">Sch\u00fctzenkompanie Waidring<\/a><\/p>\n<h4>S\u00fcdtiroler Sch\u00fctzenbund<\/h4>\n<p><a href=\"http:\/\/www.schuetzen.com\/\">S\u00fcdtiroler Sch\u00fctzenbund<\/a><br \/>\n<a href=\"http:\/\/users.dnet.it\/sskm\/\">Sch\u00fctzenkompanie Meran<\/a><br \/>\n<a href=\"http:\/\/users.dnet.it\/ahmeran\/\">Sch\u00fctzenkompanie Andreas Hofer Meran<\/a><br \/>\n<a href=\"http:\/\/www.schuetzen-burggrafenamt.com\/\">Burggrafenamt<\/a><br \/>\n<a href=\"http:\/\/www.schuetzen-groeden.com\/\">Sch\u00fctzenkompanie Gr\u00f6den<\/a><br \/>\n<a href=\"http:\/\/www.schuetzen.com\/skehrenburg\">Sch\u00fctzenkompanie Ehrenburg<\/a><br \/>\n<a href=\"http:\/\/www.schuetzen-luesen.com\/\">Sch\u00fctzenkompanie L\u00fcsen<\/a><\/p>\n","protected":false},"excerpt":{"rendered":"<p>Links: Igls\/Vill: Tourismusverband Igls Pfarre Igls &amp; Vill Freiwillige Feuerwehr Igls Stadtteilzeitung Igls &#8222;Der Igel&#8220; Sch\u00fctzenwesen: Befreundete Kompanien Alte Pfarre Natz (derzeit kein Link bekannt) Sch\u00fctzenkompanie Lans Bataillon Innsbruck Bataillon Innsbruck Sch\u00fctzenkompanie M\u00fchlau Sch\u00fctzenkompanie Wilten Sch\u00fctzenkompanie Innsbruck Amras Sch\u00fctzenkompanie Innsbruck Allerheiligen Sch\u00fctzenkompanie Innsbruck Reichenau Tirol Bund der Tiroler Sch\u00fctzenkompanien Sch\u00fctzenbataillon Stubaital Deutschmeister Sch\u00fctzenkompanie Imst Sch\u00fctzenkompanie&hellip;&nbsp;<a href=\"https:\/\/viv.tirol\/skiv\/extras\/links\/\" rel=\"bookmark\">Mehr lesen &raquo;<span class=\"screen-reader-text\">Links<\/span><\/a><\/p>\n","protected":false},"author":29,"featured_media":0,"parent":3352,"menu_order":0,"comment_status":"closed","ping_status":"closed","template":"","meta":{"_acf_changed":false,"neve_meta_sidebar":"","neve_meta_container":"","neve_meta_enable_content_width":"","neve_meta_content_width":0,"neve_meta_title_alignment":"","neve_meta_author_avatar":"","neve_post_elements_order":"","neve_meta_disable_header":"","neve_meta_disable_footer":"","neve_meta_disable_title":"","neve_meta_reading_time":"","_themeisle_gutenberg_block_has_review":false,"footnotes":""},"class_list":["post-3356","page","type-page","status-publish","hentry"],"acf":[],"_links":{"self":[{"href":"https:\/\/viv.tirol\/skiv\/wp-json\/wp\/v2\/pages\/3356","targetHints":{"allow":["GET"]}}],"collection":[{"href":"https:\/\/viv.tirol\/skiv\/wp-json\/wp\/v2\/pages"}],"about":[{"href":"https:\/\/viv.tirol\/skiv\/wp-json\/wp\/v2\/types\/page"}],"author":[{"embeddable":true,"href":"https:\/\/viv.tirol\/skiv\/wp-json\/wp\/v2\/users\/29"}],"replies":[{"embeddable":true,"href":"https:\/\/viv.tirol\/skiv\/wp-json\/wp\/v2\/comments?post=3356"}],"version-history":[{"count":0,"href":"https:\/\/viv.tirol\/skiv\/wp-json\/wp\/v2\/pages\/3356\/revisions"}],"up":[{"embeddable":true,"href":"https:\/\/viv.tirol\/skiv\/wp-json\/wp\/v2\/pages\/3352"}],"wp:attachment":[{"href":"https:\/\/viv.tirol\/skiv\/wp-json\/wp\/v2\/media?parent=3356"}],"curies":[{"name":"wp","href":"https:\/\/api.w.org\/{rel}","templated":true}]}}