{"id":3344,"date":"2016-03-22T18:53:09","date_gmt":"2016-03-22T17:53:09","guid":{"rendered":"https:\/\/viv.tirol\/skiv\/?page_id=3344"},"modified":"2019-11-03T18:01:00","modified_gmt":"2019-11-03T17:01:00","slug":"jungschuetzen","status":"publish","type":"page","link":"https:\/\/viv.tirol\/skiv\/jungschuetzen\/","title":{"rendered":"Jungsch\u00fctzen"},"content":{"rendered":"<h2>Willkommen auf der Jungsch\u00fctzenseite der Sch\u00fctzenkompanie Igls-Vill!<\/h2>\n<p><img loading=\"lazy\" decoding=\"async\" class=\"alignnone size-large wp-image-3904\" src=\"https:\/\/viv.tirol\/skiv\/wp-content\/uploads\/sites\/12\/2016\/03\/SKIV_20191103_Jungschu\u0308tzen-1030x688.jpg\" alt=\"SKIV_20191103_Jungschu\u0308tzen\" width=\"1030\" height=\"688\" srcset=\"https:\/\/viv.tirol\/skiv\/wp-content\/uploads\/sites\/12\/2016\/03\/SKIV_20191103_Jungschu\u0308tzen-1030x688.jpg 1030w, https:\/\/viv.tirol\/skiv\/wp-content\/uploads\/sites\/12\/2016\/03\/SKIV_20191103_Jungschu\u0308tzen-300x200.jpg 300w, https:\/\/viv.tirol\/skiv\/wp-content\/uploads\/sites\/12\/2016\/03\/SKIV_20191103_Jungschu\u0308tzen-768x513.jpg 768w, https:\/\/viv.tirol\/skiv\/wp-content\/uploads\/sites\/12\/2016\/03\/SKIV_20191103_Jungschu\u0308tzen-1500x1001.jpg 1500w, https:\/\/viv.tirol\/skiv\/wp-content\/uploads\/sites\/12\/2016\/03\/SKIV_20191103_Jungschu\u0308tzen-705x471.jpg 705w, https:\/\/viv.tirol\/skiv\/wp-content\/uploads\/sites\/12\/2016\/03\/SKIV_20191103_Jungschu\u0308tzen-450x300.jpg 450w, https:\/\/viv.tirol\/skiv\/wp-content\/uploads\/sites\/12\/2016\/03\/SKIV_20191103_Jungschu\u0308tzen.jpg 2000w\" sizes=\"auto, (max-width: 1030px) 100vw, 1030px\" \/><\/p>\n<p>Die Jungsch\u00fctzen der Kompanie Igls-Vill werden von Alexander Schwaiger betreut.<br \/>\nNeben den Prozessionen in Igls und Vill (Fronleichnam-, Herz-Jesu- im Juni und \u00c4gidiusprozession im September) unternehmen die Jungsch\u00fctzen und Jungmarketenderinnen viele Ausfl\u00fcge im Laufe des Jahres.<br \/>\nWenn du mehr wissen willst oder Interesse hast bei uns mitzumachen, dann wende dich an die Kompanie, an den Jungsch\u00fctzenbetreuer oder komm bei einer Veranstaltung vorbei.<br \/>\nBis bald, deine<br \/>\nSch\u00fctzenkompanie Igls-Vill<\/p>\n","protected":false},"excerpt":{"rendered":"<p>Willkommen auf der Jungsch\u00fctzenseite der Sch\u00fctzenkompanie Igls-Vill! Die Jungsch\u00fctzen der Kompanie Igls-Vill werden von Alexander Schwaiger betreut. Neben den Prozessionen in Igls und Vill (Fronleichnam-, Herz-Jesu- im Juni und \u00c4gidiusprozession im September) unternehmen die Jungsch\u00fctzen und Jungmarketenderinnen viele Ausfl\u00fcge im Laufe des Jahres. Wenn du mehr wissen willst oder Interesse hast bei uns mitzumachen, dann&hellip;&nbsp;<a href=\"https:\/\/viv.tirol\/skiv\/jungschuetzen\/\" rel=\"bookmark\">Mehr lesen &raquo;<span class=\"screen-reader-text\">Jungsch\u00fctzen<\/span><\/a><\/p>\n","protected":false},"author":29,"featured_media":0,"parent":0,"menu_order":0,"comment_status":"closed","ping_status":"closed","template":"","meta":{"_acf_changed":false,"neve_meta_sidebar":"","neve_meta_container":"","neve_meta_enable_content_width":"","neve_meta_content_width":0,"neve_meta_title_alignment":"","neve_meta_author_avatar":"","neve_post_elements_order":"","neve_meta_disable_header":"","neve_meta_disable_footer":"","neve_meta_disable_title":"","neve_meta_reading_time":"","_themeisle_gutenberg_block_has_review":false,"footnotes":""},"class_list":["post-3344","page","type-page","status-publish","hentry"],"acf":[],"_links":{"self":[{"href":"https:\/\/viv.tirol\/skiv\/wp-json\/wp\/v2\/pages\/3344","targetHints":{"allow":["GET"]}}],"collection":[{"href":"https:\/\/viv.tirol\/skiv\/wp-json\/wp\/v2\/pages"}],"about":[{"href":"https:\/\/viv.tirol\/skiv\/wp-json\/wp\/v2\/types\/page"}],"author":[{"embeddable":true,"href":"https:\/\/viv.tirol\/skiv\/wp-json\/wp\/v2\/users\/29"}],"replies":[{"embeddable":true,"href":"https:\/\/viv.tirol\/skiv\/wp-json\/wp\/v2\/comments?post=3344"}],"version-history":[{"count":0,"href":"https:\/\/viv.tirol\/skiv\/wp-json\/wp\/v2\/pages\/3344\/revisions"}],"wp:attachment":[{"href":"https:\/\/viv.tirol\/skiv\/wp-json\/wp\/v2\/media?parent=3344"}],"curies":[{"name":"wp","href":"https:\/\/api.w.org\/{rel}","templated":true}]}}