{"id":3320,"date":"2016-03-22T18:50:46","date_gmt":"2016-03-22T17:50:46","guid":{"rendered":"https:\/\/viv.tirol\/skiv\/?page_id=3320"},"modified":"2016-03-22T20:15:46","modified_gmt":"2016-03-22T19:15:46","slug":"andreas-hofer","status":"publish","type":"page","link":"https:\/\/viv.tirol\/skiv\/schuetzen\/andreas-hofer\/","title":{"rendered":"Andreas Hofer"},"content":{"rendered":"<h2>Der Sandwirt im Passeier<\/h2>\n<figure id=\"attachment_3469\" aria-describedby=\"caption-attachment-3469\" style=\"width: 150px\" class=\"wp-caption alignleft\"><img loading=\"lazy\" decoding=\"async\" class=\"wp-image-3469 size-full\" src=\"https:\/\/viv.tirol\/skiv\/wp-content\/uploads\/sites\/12\/2016\/03\/andreashofer.jpg\" alt=\"Andreas Hofer von Defregger\" width=\"150\" height=\"192\" \/><figcaption id=\"caption-attachment-3469\" class=\"wp-caption-text\"><b>Andreas Hofer<\/b><br \/> von Defregger<\/figcaption><\/figure>\n<p>Andreas Hofer wurde am <strong>22. November 1767<\/strong> am Sandhof in St. Leonhard im Passeier geboren.<\/p>\n<p>Bereits mit 22 Jahren \u00fcbernahm er den stark verschuldeten Sandhof und heiratete Anna Ladurner aus Algund.<\/p>\n<p>Im Jahre <strong>1790<\/strong> wurde er gew\u00e4hlter Abgeordneter des Passeiertales im offenen Landtag und Sch\u00fctzenhauptmann. Nachdem \u00d6sterreich den 3.Koalitionskrieg verloren hatte, wurde im Jahre <strong>1805\/06<\/strong> der gr\u00f6\u00dfte Teil Tirols dem K\u00f6nigsreich Bayern unterstellt.<\/p>\n<p>Besonders die von den Bayern missachtete Tiroler Wehrverfassung (Landlibell Kaiser Maximilians I von 1511) und die Wiedereinf\u00fchrung der josephinischen Kirchenreform sorgten bei der Bev\u00f6lkerung f\u00fcr Unmut.<\/p>\n<p>W\u00e4hrend Andreas Hofer im J\u00e4nner des Jahres <strong>1809<\/strong> nach Wien reiste, um Verhandlungen \u00fcber den Aufstand zu f\u00fchren, trafen indessen vor allem die Tiroler Wirtsleute die Vorbereitungen f\u00fcr die Kriegsma\u00dfnahmen.<\/p>\n<figure id=\"attachment_3470\" aria-describedby=\"caption-attachment-3470\" style=\"width: 275px\" class=\"wp-caption alignleft\"><img loading=\"lazy\" decoding=\"async\" class=\"wp-image-3470 size-full\" src=\"https:\/\/viv.tirol\/skiv\/wp-content\/uploads\/sites\/12\/2016\/03\/das-letzte-aufgebot_klein.jpg\" alt=\"&quot;Das letzte Aufgebot&quot; von Defregger\" width=\"275\" height=\"208\" \/><figcaption id=\"caption-attachment-3470\" class=\"wp-caption-text\"><b>&#8222;Das letzte Aufgebot&#8220;<\/b><br \/> von Defregger<\/figcaption><\/figure>\n<p>Die Zwangsaushebung der Rekruten f\u00fchrte schlie\u00dflich zum Aufstand, der am <strong>9. April 1809<\/strong> in der Tiroler Landeshauptstadt begann.<\/p>\n<p>Am <strong>25. und am 29. Mai des Jahres 1809<\/strong> fanden die beiden ersten Bergiselschlachten statt, bei denen Hofer auch von den Eisacktalern, den Oberl\u00e4ndern und den Unterl\u00e4nder Sch\u00fctzen unter der F\u00fchrung des hervorragenden Taktikers Josef Speckbacher unterst\u00fctzt wurde. In der zweiten Julih\u00e4lfte sandte Napoleon 25.000 Mann nach Tirol, wo am 13. August die Entscheidungsschlacht stattfand.<\/p>\n<p>Nach der Befreiung \u00fcbernahm Andreas Hofer als Oberkommandant von Tirol die Regierung im Land und zog in die Hofburg ein. Obwohl die erhoffte \u00f6sterreichische Hilfe ausblieb, konnte Pater Haspinger nach der neuerlichen Besetzung Innsbrucks den tiefgl\u00e4ubigen Hofer zu einem weiteren Kampf \u00fcberreden. Die geschlagenen Tiroler zogen in das Silltal ab und ganze Kompanien l\u00f6sten sich auf.<\/p>\n<p>Im Dezember war Tirol somit entg\u00fcltig geschlagen. Hofer fl\u00fcchtete auf die Pfandlalm, wo er durch den Verrat Raffls festgenommen wurde.<\/p>\n<p>Nach seiner Verurteilung wurde Andreas Hofer am <strong>20. Februar 1810<\/strong> in Mantua erschossen.<\/p>\n<p>Seine letzte Ruhest\u00e4tte findet er seit dem Jahre <strong>1823<\/strong> in der Hofkirche von Innsbruck.<\/p>\n<h3>Mehr \u00fcber Andreas Hofer:<\/h3>\n<p><a href=\"http:\/\/de.wikipedia.org\/wiki\/Andreas_Hofer\">WIKIPEDIA<\/a><\/p>\n","protected":false},"excerpt":{"rendered":"<p>Der Sandwirt im Passeier Andreas Hofer wurde am 22. November 1767 am Sandhof in St. Leonhard im Passeier geboren. Bereits mit 22 Jahren \u00fcbernahm er den stark verschuldeten Sandhof und heiratete Anna Ladurner aus Algund. Im Jahre 1790 wurde er gew\u00e4hlter Abgeordneter des Passeiertales im offenen Landtag und Sch\u00fctzenhauptmann. Nachdem \u00d6sterreich den 3.Koalitionskrieg verloren hatte,&hellip;&nbsp;<a href=\"https:\/\/viv.tirol\/skiv\/schuetzen\/andreas-hofer\/\" rel=\"bookmark\">Mehr lesen &raquo;<span class=\"screen-reader-text\">Andreas Hofer<\/span><\/a><\/p>\n","protected":false},"author":29,"featured_media":0,"parent":3318,"menu_order":0,"comment_status":"closed","ping_status":"closed","template":"","meta":{"_acf_changed":false,"neve_meta_sidebar":"","neve_meta_container":"","neve_meta_enable_content_width":"","neve_meta_content_width":0,"neve_meta_title_alignment":"","neve_meta_author_avatar":"","neve_post_elements_order":"","neve_meta_disable_header":"","neve_meta_disable_footer":"","neve_meta_disable_title":"","neve_meta_reading_time":"","_themeisle_gutenberg_block_has_review":false,"footnotes":""},"class_list":["post-3320","page","type-page","status-publish","hentry"],"acf":[],"_links":{"self":[{"href":"https:\/\/viv.tirol\/skiv\/wp-json\/wp\/v2\/pages\/3320","targetHints":{"allow":["GET"]}}],"collection":[{"href":"https:\/\/viv.tirol\/skiv\/wp-json\/wp\/v2\/pages"}],"about":[{"href":"https:\/\/viv.tirol\/skiv\/wp-json\/wp\/v2\/types\/page"}],"author":[{"embeddable":true,"href":"https:\/\/viv.tirol\/skiv\/wp-json\/wp\/v2\/users\/29"}],"replies":[{"embeddable":true,"href":"https:\/\/viv.tirol\/skiv\/wp-json\/wp\/v2\/comments?post=3320"}],"version-history":[{"count":0,"href":"https:\/\/viv.tirol\/skiv\/wp-json\/wp\/v2\/pages\/3320\/revisions"}],"up":[{"embeddable":true,"href":"https:\/\/viv.tirol\/skiv\/wp-json\/wp\/v2\/pages\/3318"}],"wp:attachment":[{"href":"https:\/\/viv.tirol\/skiv\/wp-json\/wp\/v2\/media?parent=3320"}],"curies":[{"name":"wp","href":"https:\/\/api.w.org\/{rel}","templated":true}]}}