{"id":3316,"date":"2016-03-22T18:50:20","date_gmt":"2016-03-22T17:50:20","guid":{"rendered":"https:\/\/viv.tirol\/skiv\/?page_id=3316"},"modified":"2020-10-19T22:20:07","modified_gmt":"2020-10-19T20:20:07","slug":"wir-gedenken","status":"publish","type":"page","link":"https:\/\/viv.tirol\/skiv\/kompanie\/wir-gedenken\/","title":{"rendered":"Wir gedenken"},"content":{"rendered":"<h2 style=\"text-align: center;\">Wir gedenken&#8230;<\/h2>\n<p style=\"text-align: center;\">Wir Sch\u00fctzen sollen das Erbe der V\u00e4ter weitergeben.<br \/>\nDazu geh\u00f6rt auch, dass man sich der Toten erinnert.<br \/>\nEs w\u00fcrde den Rahmen sprengen, w\u00fcrden alle bekannten Sch\u00fctzen aufgef\u00fchrt werden.<br \/>\nDie Genannten sollen stellvertretend f\u00fcr die anderen Kameraden stehen.<\/p>\n<h3 style=\"text-align: center;\">Ehrenmitglieder:<\/h3>\n<p style=\"text-align: center;\">Alois Prendsberger (+ 1863)<br \/>\nOberstleutnant Johann Ritter von M\u00f6rl (+ 1864)<br \/>\nAnton Graf Lazansky (+ 1865)<br \/>\nLandeshauptmann Dr. Franz Freiherr von Rapp (+ 1871)<br \/>\nAdvokat Dr. Franz Oxenbauer (+ 1874)<br \/>\nAlois von Zimmeter (+ 1875)<br \/>\nDDDr. Rudolf von Granichst\u00e4tten \u2013 Cerva<br \/>\nMjr. Walter Drexl sen.(+ 2002)<br \/>\nEhren-Oberleutnant Franz Lechtaler (+ 2006)<br \/>\nEhren-Oberleutnant Hannes Hundegger (+ 2007)<br \/>\nEhrenhauptmann Karl Wieser (+ 2007)<br \/>\nEhrenhauptmann Raimund Schwarz (+ 2013)<\/p>\n<h3 style=\"text-align: center;\">Hauptleute:<\/h3>\n<p style=\"text-align: center;\">Paul Hilber (+ 1857)<br \/>\nAugust Menardi<br \/>\nJohann Wieser<br \/>\nHuber<br \/>\nFerdinand Eichler<br \/>\nEduard Pechanda<br \/>\nGeorg Wieser<br \/>\nFranz Pittl<br \/>\nAlbert Jordan<br \/>\nMartin Wild<br \/>\nJosef Eller (+ 1958)<br \/>\nAndreas Groi\u00dfmayr (+ 1983)<br \/>\nKarl Wieser (+ 2007)<br \/>\nRaimund Schwarz (+ 2013)<\/p>\n<h3 style=\"text-align: center;\">Sch\u00fctzen:<\/h3>\n<p style=\"text-align: center;\">Ludwig Gruber (+ 1990)<br \/>\nMagnus Zitt (+ 1991)<br \/>\nKaspar Alessnandri (+ 1994)<br \/>\nHans Lintner (+ 1994)<br \/>\nLudwig Greier (+ 1999)<br \/>\nFranz Sailer (+ 2001)<br \/>\nKarl Tschaikner (+ 2005)<br \/>\nHannes Hundegger (+ 2007)<br \/>\nEric Z\u00e4ttersr\u00f6m (+ 2012)<br \/>\nDr. Hanspeter Zobl (+ 2015)<br \/>\nOssi Pircher (+ 2016)<br \/>\nAlfred Wegscheider (+ 2016)<br \/>\nDI Eckkehard Stummvoll (+ 2017)<br \/>\nF\u00e4hnrich Werner Holzer (+ 2019)<\/p>\n<h3 style=\"text-align: center;\">Fahnenpatinnen:<\/h3>\n<p style=\"text-align: center;\">Isabella Groissmayr<br \/>\nMaria Alessandri (+ 1996)<br \/>\nHelga (Vroni) Treichl (+ 2000)<br \/>\nGrete Lintner (+ 2015)<br \/>\nHermine Wieser (+2020)<\/p>\n","protected":false},"excerpt":{"rendered":"<p>Wir gedenken&#8230; Wir Sch\u00fctzen sollen das Erbe der V\u00e4ter weitergeben. Dazu geh\u00f6rt auch, dass man sich der Toten erinnert. Es w\u00fcrde den Rahmen sprengen, w\u00fcrden alle bekannten Sch\u00fctzen aufgef\u00fchrt werden. Die Genannten sollen stellvertretend f\u00fcr die anderen Kameraden stehen. Ehrenmitglieder: Alois Prendsberger (+ 1863) Oberstleutnant Johann Ritter von M\u00f6rl (+ 1864) Anton Graf Lazansky (+&hellip;&nbsp;<a href=\"https:\/\/viv.tirol\/skiv\/kompanie\/wir-gedenken\/\" rel=\"bookmark\">Mehr lesen &raquo;<span class=\"screen-reader-text\">Wir gedenken<\/span><\/a><\/p>\n","protected":false},"author":29,"featured_media":0,"parent":3304,"menu_order":0,"comment_status":"closed","ping_status":"closed","template":"","meta":{"_acf_changed":false,"neve_meta_sidebar":"","neve_meta_container":"","neve_meta_enable_content_width":"","neve_meta_content_width":0,"neve_meta_title_alignment":"","neve_meta_author_avatar":"","neve_post_elements_order":"","neve_meta_disable_header":"","neve_meta_disable_footer":"","neve_meta_disable_title":"","neve_meta_reading_time":"","_themeisle_gutenberg_block_has_review":false,"footnotes":""},"class_list":["post-3316","page","type-page","status-publish","hentry"],"acf":[],"_links":{"self":[{"href":"https:\/\/viv.tirol\/skiv\/wp-json\/wp\/v2\/pages\/3316","targetHints":{"allow":["GET"]}}],"collection":[{"href":"https:\/\/viv.tirol\/skiv\/wp-json\/wp\/v2\/pages"}],"about":[{"href":"https:\/\/viv.tirol\/skiv\/wp-json\/wp\/v2\/types\/page"}],"author":[{"embeddable":true,"href":"https:\/\/viv.tirol\/skiv\/wp-json\/wp\/v2\/users\/29"}],"replies":[{"embeddable":true,"href":"https:\/\/viv.tirol\/skiv\/wp-json\/wp\/v2\/comments?post=3316"}],"version-history":[{"count":0,"href":"https:\/\/viv.tirol\/skiv\/wp-json\/wp\/v2\/pages\/3316\/revisions"}],"up":[{"embeddable":true,"href":"https:\/\/viv.tirol\/skiv\/wp-json\/wp\/v2\/pages\/3304"}],"wp:attachment":[{"href":"https:\/\/viv.tirol\/skiv\/wp-json\/wp\/v2\/media?parent=3316"}],"curies":[{"name":"wp","href":"https:\/\/api.w.org\/{rel}","templated":true}]}}