{"id":61,"date":"2025-12-05T15:51:50","date_gmt":"2025-12-05T14:51:50","guid":{"rendered":"https:\/\/viv.tirol\/schuhplattlerverein-vill-igls\/?page_id=61"},"modified":"2026-04-10T09:35:41","modified_gmt":"2026-04-10T07:35:41","slug":"igler-viller-dorfgarde","status":"publish","type":"page","link":"https:\/\/viv.tirol\/schuhplattlerverein-vill-igls\/igler-viller-dorfgarde\/","title":{"rendered":"Igler Viller Dorfgarde"},"content":{"rendered":"<div class=\"wp-block-image\">\n<figure class=\"aligncenter size-large\"><img loading=\"lazy\" decoding=\"async\" width=\"960\" height=\"540\" src=\"https:\/\/viv.tirol\/schuhplattlerverein-vill-igls\/wp-content\/uploads\/sites\/22\/2025\/12\/garde-edited.jpg\" alt=\"\" class=\"wp-image-122\" srcset=\"https:\/\/viv.tirol\/schuhplattlerverein-vill-igls\/wp-content\/uploads\/sites\/22\/2025\/12\/garde-edited.jpg 960w, https:\/\/viv.tirol\/schuhplattlerverein-vill-igls\/wp-content\/uploads\/sites\/22\/2025\/12\/garde-edited-300x169.jpg 300w, https:\/\/viv.tirol\/schuhplattlerverein-vill-igls\/wp-content\/uploads\/sites\/22\/2025\/12\/garde-edited-768x432.jpg 768w\" sizes=\"auto, (max-width: 960px) 100vw, 960px\" \/><\/figure>\n<\/div>\n\n\n<p>Die <strong>Igler Viller Dorfgarde<\/strong> hat ihren Ursprung in einer Auff\u00fchrung unserer Schuhplattlerm\u00e4dls am Faschingssonntag. Mit viel Schwung, Humor und t\u00e4nzerischem K\u00f6nnen begeisterten sie damals Publikum so sehr, dass schnell klar war: Diese Formation darf nicht nur einmal auftreten, sondern soll dauerhaft bestehen.<\/p>\n\n\n\n<p>Seither ist die Dorfgarde ein <strong>fixer Bestandteil unseres Vereins<\/strong> und bereichert unsere Veranstaltungen mit ihrer Energie und ihrem einzigartigen Charakter. Sie verbindet Tradition mit jugendlicher Frische und sorgt daf\u00fcr, dass Fasching und andere Feste in Igls und Vill noch bunter und fr\u00f6hlicher werden.<\/p>\n\n\n\n<p>Ein besonderes Highlight im Vereinsjahr ist die <strong>Kinderdisco<\/strong>, die von der Dorfgarde jedes Jahr organisiert und durchgef\u00fchrt wird.  Die Kinderdisco hat sich l\u00e4ngst zu einem Fixpunkt im Fasching entwickelt und wird mit viel Begeisterung erwartet. <strong>Heuer findet sie am 24. J\u00e4nner statt<\/strong> \u2013 ein Termin, den sich alle kleinen Tanz- und Partyfreunde schon jetzt vormerken sollten.<\/p>\n\n\n\n<p>Seit dem Jahr <strong>2025<\/strong> hat die Dorfgarde ein neues Leitungsteam, das mit viel Engagement und Herzblut die Organisation \u00fcbernommen hat:<\/p>\n\n\n\n<ul class=\"wp-block-list\">\n<li><strong>Christina Fankhauser<\/strong><\/li>\n\n\n\n<li><strong>Rosa Holzer<\/strong><\/li>\n<\/ul>\n\n\n\n<p><\/p>\n","protected":false},"excerpt":{"rendered":"<p>Die Igler Viller Dorfgarde hat ihren Ursprung in einer Auff\u00fchrung unserer Schuhplattlerm\u00e4dls am Faschingssonntag. Mit viel Schwung, Humor und t\u00e4nzerischem K\u00f6nnen begeisterten sie damals Publikum so sehr, dass schnell klar war: Diese Formation darf nicht nur einmal auftreten, sondern soll dauerhaft bestehen. Seither ist die Dorfgarde ein fixer Bestandteil unseres Vereins und bereichert unsere Veranstaltungen&hellip;&nbsp;<a href=\"https:\/\/viv.tirol\/schuhplattlerverein-vill-igls\/igler-viller-dorfgarde\/\" rel=\"bookmark\">Mehr lesen &raquo;<span class=\"screen-reader-text\">Igler Viller Dorfgarde<\/span><\/a><\/p>\n","protected":false},"author":46,"featured_media":0,"parent":0,"menu_order":0,"comment_status":"closed","ping_status":"closed","template":"","meta":{"_acf_changed":false,"neve_meta_sidebar":"","neve_meta_container":"","neve_meta_enable_content_width":"","neve_meta_content_width":0,"neve_meta_title_alignment":"","neve_meta_author_avatar":"","neve_post_elements_order":"","neve_meta_disable_header":"","neve_meta_disable_footer":"","neve_meta_disable_title":"","neve_meta_reading_time":"","_themeisle_gutenberg_block_has_review":false,"footnotes":""},"class_list":["post-61","page","type-page","status-publish","hentry"],"acf":[],"_links":{"self":[{"href":"https:\/\/viv.tirol\/schuhplattlerverein-vill-igls\/wp-json\/wp\/v2\/pages\/61","targetHints":{"allow":["GET"]}}],"collection":[{"href":"https:\/\/viv.tirol\/schuhplattlerverein-vill-igls\/wp-json\/wp\/v2\/pages"}],"about":[{"href":"https:\/\/viv.tirol\/schuhplattlerverein-vill-igls\/wp-json\/wp\/v2\/types\/page"}],"author":[{"embeddable":true,"href":"https:\/\/viv.tirol\/schuhplattlerverein-vill-igls\/wp-json\/wp\/v2\/users\/46"}],"replies":[{"embeddable":true,"href":"https:\/\/viv.tirol\/schuhplattlerverein-vill-igls\/wp-json\/wp\/v2\/comments?post=61"}],"version-history":[{"count":3,"href":"https:\/\/viv.tirol\/schuhplattlerverein-vill-igls\/wp-json\/wp\/v2\/pages\/61\/revisions"}],"predecessor-version":[{"id":154,"href":"https:\/\/viv.tirol\/schuhplattlerverein-vill-igls\/wp-json\/wp\/v2\/pages\/61\/revisions\/154"}],"wp:attachment":[{"href":"https:\/\/viv.tirol\/schuhplattlerverein-vill-igls\/wp-json\/wp\/v2\/media?parent=61"}],"curies":[{"name":"wp","href":"https:\/\/api.w.org\/{rel}","templated":true}]}}